{"id":1072,"date":"2020-06-15T15:36:38","date_gmt":"2020-06-15T15:36:38","guid":{"rendered":"https:\/\/tasteporto.com\/?post_type=passport_location&#038;p=1072"},"modified":"2025-10-30T16:16:42","modified_gmt":"2025-10-30T16:16:42","slug":"fabrica-da-picaria","status":"publish","type":"passport_location","link":"https:\/\/tasteporto.com\/ja\/passport_location\/fabrica-da-picaria\/","title":{"rendered":"\u30c6\u30a4\u30b9\u30c6\u30a3\u30f3\u30b0\u30fb\u30d7\u30ec\u30a4\u30b9 #4\uff1a\u30d5\u30a1\u30d6\u30ea\u30ab\u30fb\u30c0\u30fb\u30d4\u30ab\u30ea\u30a2\uff08F\u00e1brica da Picaria\uff09"},"content":{"rendered":"\n<p>\u30d5\u30a1\u30d6\u30ea\u30ab\u30fb\u30c0\u30fb\u30d4\u30ab\u30ea\u30a2\u306f\u3001\u6708\u66dc\u65e5\u304b\u3089\u91d1\u66dc\u65e5\u306f\u5348\u5f8c5\u6642\u304b\u3089\u5348\u524d12\u6642\u307e\u3067\u3001\u571f\u66dc\u65e5\u304b\u3089\u65e5\u66dc\u65e5\u306f\u5348\u5f8c1\u6642\u304b\u3089\u5348\u524d12\u6642\u307e\u3067\u55b6\u696d\u3057\u3066\u3044\u307e\u3059\u3002\u672c\u30c4\u30a2\u30fc\u306f\u30bb\u30eb\u30d5\u30ac\u30a4\u30c9\u306e\u7f8e\u98df\u30c4\u30a2\u30fc\u3067\u3059\u306e\u3067\u3001\u5404\u8a66\u98df\u4f1a\u5834\u306e\u30bf\u30a4\u30e0\u30c6\u30fc\u30d6\u30eb\u3092\u3054\u78ba\u8a8d\u306e\u4e0a\u3001\u304a\u51fa\u304b\u3051\u304f\u3060\u3055\u3044\u3002\u79c1\u3069\u3082\u306f\u3053\u308c\u3089\u306e\u65bd\u8a2d\u3092\u6240\u6709\u3057\u3066\u304a\u308a\u307e\u305b\u3093\u306e\u3067\u3001\u30bf\u30a4\u30e0\u30c6\u30fc\u30d6\u30eb\u306f\u4e88\u671f\u305b\u305a\u5909\u66f4\u3055\u308c\u308b\u3053\u3068\u304c\u3042\u308a\u307e\u3059\u3002<\/p>\n\n\n\n<p>\u30dd\u30eb\u30c8\u3067\u6700\u521d\u306e\u30af\u30e9\u30d5\u30c8\u30d3\u30fc\u30eb\u91b8\u9020\u6240\u3001 \u30d5\u30a1\u30d6\u30ea\u30ab\u30fb\u30c0\u30fb\u30d4\u30ab\u30ea\u30a2\u3078\u3001\u3088\u3046\u3053\u305d\u3002\u3053\u306e\u5e97\u306e\u30aa\u30fc\u30ca\u30fc\u306e\u30c6\u30a3\u30a2\u30b4\u30fb\u30c9\u30a5\u30a2\u30eb\u30c6\u306f\u30dd\u30eb\u30c8\u30ac\u30eb\u306b\u3042\u308b\u4e8c\u5927\u30d3\u30fc\u30eb\u30e1\u30fc\u30ab\u30fc\u306e\u4e00\u3064\u3001super bock\uff08\u30b9\u30fc\u30da\u30eb\u30fb\u30dc\u30c3\u30af\uff09\u3067\u50cd\u3044\u3066\u3044\u307e\u3057\u305f\u3002\u305d\u306e\u5f8c\u3001\u81ea\u5206\u304c\u5f97\u305f\u77e5\u8b58\u3092\u6d3b\u304b\u3059\u30c1\u30e3\u30f3\u30b9\u3092\u3057\u3001\u81ea\u8eab\u306e\u30af\u30e9\u30d5\u30c8\u30d3\u30fc\u30eb\u3092\u9020\u308a\u306f\u3058\u3081\u307e\u3057\u305f\u3002\u3053\u306e\u5834\u6240\u306f\u79c1\u305f\u3061\u306e\u30af\u30e9\u30d5\u30c8\u30d3\u30fc\u30eb\u30fb\u30c4\u30a2\u30fc\u306e\u4e00\u90e8\u3067\u3059\u3002\u3053\u3053\u3067\u306f\u3001\u3068\u3066\u3082\u4f1d\u7d71\u7684\u306a\u30d3\u30d5\u30a1\u30ca\uff08bifana\uff09\u3092\u98df\u3079\u3066\u307f\u307e\u3057\u3087\u3046\u3002\n<br><br>\n\n\n\u3055\u3066\u3001\u30d3\u30d5\u30a1\u30ca\u304c\u4f55\u304b\u3054\u8aac\u660e\u3059\u308b\u4ee5\u524d\u306b\u3001\u3042\u306a\u305f\u306e\u76ee\u306e\u524d\u306b\u3082\u3046\u305d\u308c\u304c\u3042\u308b\u306f\u305a\u3067\u3059\u3002\n\n<br><br>\n\u3042\u3068\u306f\u3001\u30b3\u30fc\u30c9\u3092\u30a6\u30a7\u30a4\u30c8\u30ec\u30b9\u306b\u898b\u305b\u308b\u3060\u3051\u3067OK\u3067\u3059\u3002\n<br><br>\n\u30d3\u30d5\u30a1\u30ca\u306f\u3001\u3053\u306e\u56fd\u306e\u4e3b\u306a\u30b5\u30f3\u30c9\u30a4\u30c3\u30c1\u306e\u3072\u3068\u3064\u3067\u3001\u30dd\u30eb\u30c8\u30ac\u30eb\u306e\u5317\u304b\u3089\u5357\u307e\u3067\u3001\u3069\u3053\u3067\u3082\u611b\u3055\u308c\u3066\u3044\u307e\u3059\u3002\u3053\u306e\u98df\u3079\u7269\u306f\u30dd\u30eb\u30c8\u30ac\u30eb\u3067\u3068\u3066\u3082\u30dd\u30d4\u30e5\u30e9\u30fc\u3067\u3001\u30a2\u30e1\u30ea\u30ab\u306e\u5927\u624b\u30c1\u30a7\u30fc\u30f3\u3001\u30de\u30af\u30c9\u30ca\u30eb\u30c9\u304c \u30de\u30c3\u30af\u30fb\u30d3\u30d5\u30a1\u30ca\u3092\u767a\u58f2\u3057\u305f\u307b\u3069\u3067\u3059\u3002\u30d3\u30d5\u30a1\u30ca\u306f\u8c5a\u8089\u3092\u4f7f\u3063\u305f\u3068\u3066\u3082\u30b7\u30f3\u30d7\u30eb\u306a\u30b5\u30f3\u30c9\u30a4\u30c3\u30c1\u3067\u3059\u3002\u8584\u5207\u308a\u306b\u3057\u305f\u8c5a\u8089\u3092\u3001\u767d\u30ef\u30a4\u30f3\u306b\u30d4\u30ea\u30d4\u30ea\u3068\u3088\u3070\u308c\u308b\u9999\u8f9b\u6599\u3001\u305f\u304f\u3055\u3093\u306e\u30cb\u30f3\u30cb\u30af\u3068\u30ed\u30fc\u30ea\u30a8\u5165\u308c\u305f\u30bf\u30ec\u306b\u3072\u305f\u3057\u3001\u305d\u306e\u3042\u3068\u3001\u305d\u306e\u98a8\u5473\u8c4a\u304b\u3067\u8f9b\u3044\u305f\u308c\u3068\u3044\u3063\u3057\u3087\u306b\u716e\u3066\u304b\u3089\u3001\u30d1\u30f3\u306b\u306f\u3055\u307f\u307e\u3059\u3002\n\u3068\u3066\u3082\u30d9\u30fc\u30b7\u30c3\u30af\u306b\u611f\u3058\u307e\u3059\u3088\u306d\u3002\u3067\u3082\u3001\u30d3\u30d5\u30a1\u30ca\u306e\u5473\u306f\u98df\u3079\u308b\u5e97\u306b\u3088\u3063\u3066\u3059\u3079\u3066\u3061\u304c\u3046\u306e\u3067\u3059\u3002\u305d\u308c\u3053\u305d\u304c\u30d3\u30d5\u30a1\u30ca\u306e\u9b45\u529b\u306a\u306e\u3067\u3059\uff01\n<br><br>\n\u30d5\u30a1\u30d6\u30ea\u30ab\u30fb\u30c0\u30fb\u30d4\u30ab\u30ea\u30a2\u306e\u5e97\u54e1\u306b\u3001\u3069\u306e\u30d3\u30fc\u30eb\u304c\u30d3\u30d5\u30a1\u30ca\u306b\u304a\u3059\u3059\u3081\u304b\u805e\u3044\u3066\u307f\u307e\u3057\u3087\u3046\u3002\n<br><br>\nPS:\u3082\u3057\u30dd\u30eb\u30c8\u306e\u8e8d\u52d5\u3059\u308b\u30af\u30e9\u30d5\u30c8\u30d3\u30fc\u30eb\u306e\u73fe\u5834\u306b\u3064\u3044\u3066\u3082\u3063\u3068\u77e5\u308a\u305f\u304b\u3063\u305f\u3089\u3001\u79c1\u305f\u3061\u306e\u30af\u30e9\u30d5\u30c8\u30d3\u30fc\u30eb\u30fb\u30c4\u30a2\u30fc\u306b\u53c2\u52a0\u3057\u3066\u304f\u3060\u3055\u3044\u3002\u305d\u3061\u3089\u306e\u30c4\u30a2\u30fc\u306b\u306f\u300111\u7a2e\u985e\u306e\u30d3\u30fc\u30eb\u30683\u7a2e\u985e\u306e\u30b5\u30f3\u30c9\u30a4\u30c3\u30c1\u306e\u30c6\u30a4\u30b9\u30c6\u30a3\u30f3\u30b0\u3001\u305d\u3057\u3066\u3001\u73fe\u5730\u306e\u30d3\u30fc\u30eb\u91b8\u9020\u6240\u306e\u821e\u53f0\u88cf\u3078\u306e\u30a2\u30af\u30bb\u30b9\u304c\u3075\u304f\u307e\u308c\u3066\u3044\u307e\u3059\u3002\n\n\n\n <\/p>\n\n\n\n<p><strong>\u6b21\u304c\u3053\u306e\u30c4\u30a2\u30fc\u306e\u6700\u7d42\u5730\u70b9\u3067\u3059\u3002   <\/strong><\/p>\n\n\n\n<ul class=\"wp-block-list\">\n<li>\u30c6\u30a4\u30b9\u30c6\u30a3\u30f3\u30b0\u30fb\u30d7\u30ec\u30a4\u30b9 #5: Oficina dos Riss\u00f3is<\/li>\n\n\n\n<li><strong>\u4f4f\u6240:<\/strong> Passeio de S\u00e3o L\u00e1zaro 5A Porto <\/li>\n\n\n\n<li><strong>\u55b6\u696d\u6642\u9593\uff1a<\/strong><br>\u6708\u66dc\u304b\u3089\u91d1\u66dc\uff1a\u5348\u524d18\u6642\u304b\u3089\u5348\u5f8c22\u6642\u307e\u3067 <\/li>\n\n\n\n<li><strong>\u9023\u7d61\u5148: <\/strong>+351 912 018 587<\/li>\n<\/ul>\n","protected":false},"featured_media":11206,"template":"","class_list":["post-1072","passport_location","type-passport_location","status-publish","has-post-thumbnail","hentry"],"acf":[],"yoast_head":"<!-- This site is optimized with the Yoast SEO plugin v26.5 - https:\/\/yoast.com\/wordpress\/plugins\/seo\/ -->\n<title>\u30c6\u30a4\u30b9\u30c6\u30a3\u30f3\u30b0\u30fb\u30d7\u30ec\u30a4\u30b9 #5\uff1a\u30d5\u30a1\u30d6\u30ea\u30ab\u30fb\u30c0\u30fb\u30d4\u30ab\u30ea\u30a2<\/title>\n<meta name=\"description\" content=\"\u30dd\u30eb\u30c8\u3067\u6700\u521d\u306e\u30af\u30e9\u30d5\u30c8\u30d3\u30fc\u30eb\u91b8\u9020\u6240\u3001 \u30d5\u30a1\u30d6\u30ea\u30ab\u30fb\u30c0\u30fb\u30d4\u30ab\u30ea\u30a2\u3078\u3001\u3088\u3046\u3053\u305d\u3002\" \/>\n<meta name=\"robots\" content=\"noindex, nofollow\" \/>\n<meta property=\"og:locale\" content=\"ja_JP\" \/>\n<meta property=\"og:locale:alternate\" content=\"en_US\" \/>\n<meta property=\"og:locale:alternate\" content=\"pt_PT\" \/>\n<meta property=\"og:locale:alternate\" content=\"es_ES\" \/>\n<meta property=\"og:locale:alternate\" content=\"fr_FR\" \/>\n<meta property=\"og:locale:alternate\" content=\"de_DE\" \/>\n<meta property=\"og:locale:alternate\" content=\"zh_CN\" \/>\n<meta property=\"og:locale:alternate\" content=\"ko\" \/>\n<meta property=\"og:type\" content=\"article\" \/>\n<meta property=\"og:title\" content=\"\u30c6\u30a4\u30b9\u30c6\u30a3\u30f3\u30b0\u30fb\u30d7\u30ec\u30a4\u30b9 #5\uff1a\u30d5\u30a1\u30d6\u30ea\u30ab\u30fb\u30c0\u30fb\u30d4\u30ab\u30ea\u30a2\" \/>\n<meta property=\"og:description\" content=\"\u30dd\u30eb\u30c8\u3067\u6700\u521d\u306e\u30af\u30e9\u30d5\u30c8\u30d3\u30fc\u30eb\u91b8\u9020\u6240\u3001 \u30d5\u30a1\u30d6\u30ea\u30ab\u30fb\u30c0\u30fb\u30d4\u30ab\u30ea\u30a2\u3078\u3001\u3088\u3046\u3053\u305d\u3002\" \/>\n<meta property=\"og:url\" content=\"https:\/\/tasteporto.com\/ja\/passport_location\/fabrica-da-picaria\/\" \/>\n<meta property=\"og:site_name\" content=\"Taste Porto\" \/>\n<meta property=\"article:modified_time\" content=\"2025-10-30T16:16:42+00:00\" \/>\n<meta property=\"og:image\" content=\"https:\/\/tasteporto.com\/wp-content\/uploads\/2023\/07\/Taste-Porto-Food-Passport-a-self-guided-food-tour-of-Porto.jpg\" \/>\n\t<meta property=\"og:image:width\" content=\"1080\" \/>\n\t<meta property=\"og:image:height\" content=\"1080\" \/>\n\t<meta property=\"og:image:type\" content=\"image\/jpeg\" \/>\n<meta name=\"twitter:card\" content=\"summary_large_image\" \/>\n<meta name=\"twitter:label1\" content=\"Est. reading time\" \/>\n\t<meta name=\"twitter:data1\" content=\"2 minutes\" \/>\n<script type=\"application\/ld+json\" class=\"yoast-schema-graph\">{\"@context\":\"https:\/\/schema.org\",\"@graph\":[{\"@type\":\"WebPage\",\"@id\":\"https:\/\/tasteporto.com\/passport_location\/fabrica-da-picaria\/\",\"url\":\"https:\/\/tasteporto.com\/passport_location\/fabrica-da-picaria\/\",\"name\":\"\u30c6\u30a4\u30b9\u30c6\u30a3\u30f3\u30b0\u30fb\u30d7\u30ec\u30a4\u30b9 #5\uff1a\u30d5\u30a1\u30d6\u30ea\u30ab\u30fb\u30c0\u30fb\u30d4\u30ab\u30ea\u30a2\",\"isPartOf\":{\"@id\":\"https:\/\/tasteporto.com\/ko\/#website\"},\"primaryImageOfPage\":{\"@id\":\"https:\/\/tasteporto.com\/passport_location\/fabrica-da-picaria\/#primaryimage\"},\"image\":{\"@id\":\"https:\/\/tasteporto.com\/passport_location\/fabrica-da-picaria\/#primaryimage\"},\"thumbnailUrl\":\"https:\/\/tasteporto.com\/wp-content\/uploads\/2023\/07\/Taste-Porto-Food-Passport-a-self-guided-food-tour-of-Porto.jpg\",\"datePublished\":\"2020-06-15T15:36:38+00:00\",\"dateModified\":\"2025-10-30T16:16:42+00:00\",\"description\":\"\u30dd\u30eb\u30c8\u3067\u6700\u521d\u306e\u30af\u30e9\u30d5\u30c8\u30d3\u30fc\u30eb\u91b8\u9020\u6240\u3001 \u30d5\u30a1\u30d6\u30ea\u30ab\u30fb\u30c0\u30fb\u30d4\u30ab\u30ea\u30a2\u3078\u3001\u3088\u3046\u3053\u305d\u3002\",\"breadcrumb\":{\"@id\":\"https:\/\/tasteporto.com\/passport_location\/fabrica-da-picaria\/#breadcrumb\"},\"inLanguage\":\"ja\",\"potentialAction\":[{\"@type\":\"ReadAction\",\"target\":[\"https:\/\/tasteporto.com\/passport_location\/fabrica-da-picaria\/\"]}]},{\"@type\":\"ImageObject\",\"inLanguage\":\"ja\",\"@id\":\"https:\/\/tasteporto.com\/passport_location\/fabrica-da-picaria\/#primaryimage\",\"url\":\"https:\/\/tasteporto.com\/wp-content\/uploads\/2023\/07\/Taste-Porto-Food-Passport-a-self-guided-food-tour-of-Porto.jpg\",\"contentUrl\":\"https:\/\/tasteporto.com\/wp-content\/uploads\/2023\/07\/Taste-Porto-Food-Passport-a-self-guided-food-tour-of-Porto.jpg\",\"width\":1080,\"height\":1080,\"caption\":\"Food Passport a self-guided food tour of Porto\"},{\"@type\":\"BreadcrumbList\",\"@id\":\"https:\/\/tasteporto.com\/passport_location\/fabrica-da-picaria\/#breadcrumb\",\"itemListElement\":[{\"@type\":\"ListItem\",\"position\":1,\"name\":\"Home\",\"item\":\"https:\/\/tasteporto.com\/\"},{\"@type\":\"ListItem\",\"position\":2,\"name\":\"Passport Locations\",\"item\":\"https:\/\/tasteporto.com\/de\/passport_location\/\"},{\"@type\":\"ListItem\",\"position\":3,\"name\":\"Tasting Location #4: F\u00e1brica da Picaria\"}]},{\"@type\":\"WebSite\",\"@id\":\"https:\/\/tasteporto.com\/ko\/#website\",\"url\":\"https:\/\/tasteporto.com\/ko\/\",\"name\":\"Taste Porto\",\"description\":\"Porto Food Tours\",\"publisher\":{\"@id\":\"https:\/\/tasteporto.com\/ko\/#organization\"},\"potentialAction\":[{\"@type\":\"SearchAction\",\"target\":{\"@type\":\"EntryPoint\",\"urlTemplate\":\"https:\/\/tasteporto.com\/ko\/?s={search_term_string}\"},\"query-input\":{\"@type\":\"PropertyValueSpecification\",\"valueRequired\":true,\"valueName\":\"search_term_string\"}}],\"inLanguage\":\"ja\"},{\"@type\":\"Organization\",\"@id\":\"https:\/\/tasteporto.com\/ko\/#organization\",\"name\":\"Taste Porto\",\"url\":\"https:\/\/tasteporto.com\/ko\/\",\"logo\":{\"@type\":\"ImageObject\",\"inLanguage\":\"ja\",\"@id\":\"https:\/\/tasteporto.com\/ko\/#\/schema\/logo\/image\/\",\"url\":\"https:\/\/tasteporto.com\/wp-content\/uploads\/2020\/06\/logo_preto_300px-150x150-1.png\",\"contentUrl\":\"https:\/\/tasteporto.com\/wp-content\/uploads\/2020\/06\/logo_preto_300px-150x150-1.png\",\"width\":150,\"height\":150,\"caption\":\"Taste Porto\"},\"image\":{\"@id\":\"https:\/\/tasteporto.com\/ko\/#\/schema\/logo\/image\/\"}}]}<\/script>\n<!-- \/ Yoast SEO plugin. -->","yoast_head_json":{"title":"\u30c6\u30a4\u30b9\u30c6\u30a3\u30f3\u30b0\u30fb\u30d7\u30ec\u30a4\u30b9 #5\uff1a\u30d5\u30a1\u30d6\u30ea\u30ab\u30fb\u30c0\u30fb\u30d4\u30ab\u30ea\u30a2","description":"\u30dd\u30eb\u30c8\u3067\u6700\u521d\u306e\u30af\u30e9\u30d5\u30c8\u30d3\u30fc\u30eb\u91b8\u9020\u6240\u3001 \u30d5\u30a1\u30d6\u30ea\u30ab\u30fb\u30c0\u30fb\u30d4\u30ab\u30ea\u30a2\u3078\u3001\u3088\u3046\u3053\u305d\u3002","robots":{"index":"noindex","follow":"nofollow"},"og_locale":"ja_JP","og_type":"article","og_title":"[:pt]Local de Prova: F\u00e1brica da Picaria | Taste Porto Food Tours[:ja]\u30c6\u30a4\u30b9\u30c6\u30a3\u30f3\u30b0\u30fb\u30d7\u30ec\u30a4\u30b9 #5\uff1a\u30d5\u30a1\u30d6\u30ea\u30ab\u30fb\u30c0\u30fb\u30d4\u30ab\u30ea\u30a2[:ko]\ub9db\uc9d1 #5: F\u00e1brica da Picaria | Taste Porto Food Tours[:]","og_description":"[:pt]Esta \u00e9 a F\u00e1brica da Picaria, a primeira cervejaria artesanal do Porto, onde vamos experimentar a tradicional Bifana.[:ja]\u30dd\u30eb\u30c8\u3067\u6700\u521d\u306e\u30af\u30e9\u30d5\u30c8\u30d3\u30fc\u30eb\u91b8\u9020\u6240\u3001 \u30d5\u30a1\u30d6\u30ea\u30ab\u30fb\u30c0\u30fb\u30d4\u30ab\u30ea\u30a2\u3078\u3001\u3088\u3046\u3053\u305d\u3002[:ko]F\u00e1brica da Picaria\ub294 \ud3ec\ub974\ud22c \ucd5c\ucd08\uc758 \ub9e5\uc8fc\ud38d\uc785\ub2c8\ub2e4. \uc0ac\uc7a5\uc778 Tiago Duarte\ub294 \ud3ec\ub974\ud22c\uac08 \uc591\ub300 \ub9e5\uc8fc \ube0c\ub79c\ub4dc\uc774\uc790 \ud544\uc820 \ub9e5\uc8fc\ub85c \uc720\uba85\ud55c \uc288\ud37c\ubcf5(super bock) \ucd9c\uc2e0\uc785\ub2c8\ub2e4.[:]","og_url":"https:\/\/tasteporto.com\/ja\/passport_location\/fabrica-da-picaria\/","og_site_name":"Taste Porto","article_modified_time":"2025-10-30T16:16:42+00:00","og_image":[{"width":1080,"height":1080,"url":"https:\/\/tasteporto.com\/wp-content\/uploads\/2023\/07\/Taste-Porto-Food-Passport-a-self-guided-food-tour-of-Porto.jpg","type":"image\/jpeg"}],"twitter_card":"summary_large_image","twitter_misc":{"Est. reading time":"2 minutes"},"schema":{"@context":"https:\/\/schema.org","@graph":[{"@type":"WebPage","@id":"https:\/\/tasteporto.com\/passport_location\/fabrica-da-picaria\/","url":"https:\/\/tasteporto.com\/passport_location\/fabrica-da-picaria\/","name":"\u30c6\u30a4\u30b9\u30c6\u30a3\u30f3\u30b0\u30fb\u30d7\u30ec\u30a4\u30b9 #5\uff1a\u30d5\u30a1\u30d6\u30ea\u30ab\u30fb\u30c0\u30fb\u30d4\u30ab\u30ea\u30a2","isPartOf":{"@id":"https:\/\/tasteporto.com\/ko\/#website"},"primaryImageOfPage":{"@id":"https:\/\/tasteporto.com\/passport_location\/fabrica-da-picaria\/#primaryimage"},"image":{"@id":"https:\/\/tasteporto.com\/passport_location\/fabrica-da-picaria\/#primaryimage"},"thumbnailUrl":"https:\/\/tasteporto.com\/wp-content\/uploads\/2023\/07\/Taste-Porto-Food-Passport-a-self-guided-food-tour-of-Porto.jpg","datePublished":"2020-06-15T15:36:38+00:00","dateModified":"2025-10-30T16:16:42+00:00","description":"\u30dd\u30eb\u30c8\u3067\u6700\u521d\u306e\u30af\u30e9\u30d5\u30c8\u30d3\u30fc\u30eb\u91b8\u9020\u6240\u3001 \u30d5\u30a1\u30d6\u30ea\u30ab\u30fb\u30c0\u30fb\u30d4\u30ab\u30ea\u30a2\u3078\u3001\u3088\u3046\u3053\u305d\u3002","breadcrumb":{"@id":"https:\/\/tasteporto.com\/passport_location\/fabrica-da-picaria\/#breadcrumb"},"inLanguage":"ja","potentialAction":[{"@type":"ReadAction","target":["https:\/\/tasteporto.com\/passport_location\/fabrica-da-picaria\/"]}]},{"@type":"ImageObject","inLanguage":"ja","@id":"https:\/\/tasteporto.com\/passport_location\/fabrica-da-picaria\/#primaryimage","url":"https:\/\/tasteporto.com\/wp-content\/uploads\/2023\/07\/Taste-Porto-Food-Passport-a-self-guided-food-tour-of-Porto.jpg","contentUrl":"https:\/\/tasteporto.com\/wp-content\/uploads\/2023\/07\/Taste-Porto-Food-Passport-a-self-guided-food-tour-of-Porto.jpg","width":1080,"height":1080,"caption":"Food Passport a self-guided food tour of Porto"},{"@type":"BreadcrumbList","@id":"https:\/\/tasteporto.com\/passport_location\/fabrica-da-picaria\/#breadcrumb","itemListElement":[{"@type":"ListItem","position":1,"name":"Home","item":"https:\/\/tasteporto.com\/"},{"@type":"ListItem","position":2,"name":"Passport Locations","item":"https:\/\/tasteporto.com\/de\/passport_location\/"},{"@type":"ListItem","position":3,"name":"Tasting Location #4: F\u00e1brica da Picaria"}]},{"@type":"WebSite","@id":"https:\/\/tasteporto.com\/ko\/#website","url":"https:\/\/tasteporto.com\/ko\/","name":"Taste Porto","description":"Porto Food Tours","publisher":{"@id":"https:\/\/tasteporto.com\/ko\/#organization"},"potentialAction":[{"@type":"SearchAction","target":{"@type":"EntryPoint","urlTemplate":"https:\/\/tasteporto.com\/ko\/?s={search_term_string}"},"query-input":{"@type":"PropertyValueSpecification","valueRequired":true,"valueName":"search_term_string"}}],"inLanguage":"ja"},{"@type":"Organization","@id":"https:\/\/tasteporto.com\/ko\/#organization","name":"Taste Porto","url":"https:\/\/tasteporto.com\/ko\/","logo":{"@type":"ImageObject","inLanguage":"ja","@id":"https:\/\/tasteporto.com\/ko\/#\/schema\/logo\/image\/","url":"https:\/\/tasteporto.com\/wp-content\/uploads\/2020\/06\/logo_preto_300px-150x150-1.png","contentUrl":"https:\/\/tasteporto.com\/wp-content\/uploads\/2020\/06\/logo_preto_300px-150x150-1.png","width":150,"height":150,"caption":"Taste Porto"},"image":{"@id":"https:\/\/tasteporto.com\/ko\/#\/schema\/logo\/image\/"}}]}},"_links":{"self":[{"href":"https:\/\/tasteporto.com\/ja\/wp-json\/wp\/v2\/passport_location\/1072","targetHints":{"allow":["GET"]}}],"collection":[{"href":"https:\/\/tasteporto.com\/ja\/wp-json\/wp\/v2\/passport_location"}],"about":[{"href":"https:\/\/tasteporto.com\/ja\/wp-json\/wp\/v2\/types\/passport_location"}],"wp:featuredmedia":[{"embeddable":true,"href":"https:\/\/tasteporto.com\/ja\/wp-json\/wp\/v2\/media\/11206"}],"wp:attachment":[{"href":"https:\/\/tasteporto.com\/ja\/wp-json\/wp\/v2\/media?parent=1072"}],"curies":[{"name":"wp","href":"https:\/\/api.w.org\/{rel}","templated":true}]}}