{"id":569,"date":"2020-06-04T16:37:09","date_gmt":"2020-06-04T16:37:09","guid":{"rendered":"http:\/\/localhost:32769\/?post_type=passport_location&#038;p=569"},"modified":"2025-10-30T16:07:49","modified_gmt":"2025-10-30T16:07:49","slug":"confeitaria-moura","status":"publish","type":"passport_location","link":"https:\/\/tasteporto.com\/fr\/passport_location\/confeitaria-moura\/","title":{"rendered":"Lieu de d\u00e9gustation #2: Confeitaria Moura"},"content":{"rendered":"\n<p>La Confeitaria Moura est ouverte du lundi au dimanche de 10h00 \u00e0 19h00. Comme il s&#8217;agit d&#8217;un tour gastronomique autoguid\u00e9, veuillez v\u00e9rifier les horaires d&#8217;ouverture de chaque lieu de d\u00e9gustation avant de visiter. Nous ne poss\u00e9dons aucun de ces \u00e9tablissements et leurs horaires peuvent changer de mani\u00e8re impr\u00e9visible.<\/p>\n\n\n\n<p>Nous vous souhaitons la bienvenue \u00e0 la Confeitaria Moura, une boulangerie inaugur\u00e9e en 1892 \u00e0 Santo Tirso, une ville situ\u00e9e \u00e0 30 km de Porto. Ce magasin est g\u00e9r\u00e9 par Jo\u00e3o Pelayo, il fait partie de la cinqui\u00e8me g\u00e9n\u00e9ration de la famille Moura. Il a travaill\u00e9 comme conseiller financier \u00e0 Lisbonne, la capitale portugaise, jusqu&#8217;\u00e0 ce qu&#8217;il d\u00e9cide d\u2019aider \u00e0 d\u00e9velopper l&#8217;entreprise familiale. D\u00e9s lors, il a ouvert une boulangerie au Mercado (march\u00e9) do Bom Sucesso, o\u00f9 nous nous trouvons \u00e0 pr\u00e9sent. <br><br>Au-del\u00e0 de repr\u00e9senter une tradition familiale, <strong>pourquoi sommes-nous ici<\/strong>? Eh bien, nous sommes ici pour go\u00fbter au \u00abJesu\u00edta\u00bb. Ce merveilleux g\u00e2teau a \u00e9t\u00e9 cr\u00e9\u00e9 par un boulanger venu de Bilbao, en Espagne, pour travailler \u00e0 la Confeitaria Moura. Nous ignorons pourquoi ils ont d\u00e9cid\u00e9 d&#8217;appeler le g\u00e2teau \u00abJesu\u00edta\u00bb &#8211; certains disent que la couleur ressemble aux v\u00eatements des pr\u00eatres j\u00e9suites, d&#8217;autres disent que c&#8217;est parce que le boulanger espagnol faisait partie de l&#8217;Ordre des J\u00e9suites. Le fait est que, depuis sa cr\u00e9ation, la recette est un secret bien gard\u00e9 derri\u00e8re cette porte, o\u00f9 les boulangers doivent obligatoirement faire partie de la famille d&#8217;origine, pr\u00e9servant ainsi le secret de la recette. <\/p>\n\n\n\n<p>Il est possible de trouver des \u00abJesu\u00edtas\u00bb dans d&#8217;autres p\u00e2tisseries de la ville, mais la recette de la p\u00e2te feuillet\u00e9e qui fait partie de cette sp\u00e9cialit\u00e9 n\u2019est de la connaissance que des membres de la famille.  Avec le \u00abJesu\u00edta\u00bb, vous aurez l&#8217;occasion de d\u00e9guster un  \u00ablimonete\u00bb, fait avec la m\u00eame p\u00e2te, mais avec une garniture au citron. Nous esp\u00e9rons que vous l&#8217;appr\u00e9cierez! <\/p>\n\n\n\n<p>Pr\u00e9sentez <strong>le QR code<\/strong> au serveur pour obtenir votre mets.<\/p>\n\n\n\n<h3 class=\"wp-block-heading\">Profitez du moment! Comme on dit en portugais, \u00abbom apetite\u00bb!\n<\/h3>\n\n\n\n<p>Par la suite, nous allons visiter une \u201cTaxca\u201d!\n<\/p>\n\n\n\n<ul class=\"wp-block-list\">\n<li><strong>Lieu de d\u00e9gustation #3:<\/strong> Taxca<\/li>\n\n\n\n<li><strong>Adresse:<\/strong> Rua da Picaria 26, 4050-477 Porto<\/li>\n\n\n\n<li><strong>Horaires d&#8217;ouverture:<\/strong> <br>Du lundi au mercredi: de 12h \u00e0 22h30\n <br>Du jeudi au samedi: de 12h \u00e0 2h<\/li>\n\n\n\n<li><strong>Contact:<\/strong> +351 222 011 807<\/li>\n<\/ul>\n","protected":false},"featured_media":9641,"template":"","class_list":["post-569","passport_location","type-passport_location","status-publish","has-post-thumbnail","hentry"],"acf":[],"yoast_head":"<!-- This site is optimized with the Yoast SEO plugin v26.5 - https:\/\/yoast.com\/wordpress\/plugins\/seo\/ -->\n<title>Taste Porto<\/title>\n<meta name=\"description\" content=\"\" \/>\n<meta name=\"robots\" content=\"noindex, nofollow\" \/>\n<meta property=\"og:locale\" content=\"fr_FR\" \/>\n<meta property=\"og:locale:alternate\" content=\"en_US\" \/>\n<meta property=\"og:locale:alternate\" content=\"pt_PT\" \/>\n<meta property=\"og:locale:alternate\" content=\"es_ES\" \/>\n<meta property=\"og:locale:alternate\" content=\"de_DE\" \/>\n<meta property=\"og:locale:alternate\" content=\"zh_CN\" \/>\n<meta property=\"og:locale:alternate\" content=\"ja\" \/>\n<meta property=\"og:locale:alternate\" content=\"ko\" \/>\n<meta property=\"og:type\" content=\"article\" \/>\n<meta property=\"og:title\" content=\"\" \/>\n<meta property=\"og:description\" content=\"\" \/>\n<meta property=\"og:url\" content=\"https:\/\/tasteporto.com\/fr\/passport_location\/confeitaria-moura\/\" \/>\n<meta property=\"og:site_name\" content=\"Taste Porto\" \/>\n<meta property=\"article:modified_time\" content=\"2025-10-30T16:07:49+00:00\" \/>\n<meta property=\"og:image\" content=\"https:\/\/tasteporto.com\/wp-content\/uploads\/2023\/05\/Food-Passport_Confeitaria-Moura.jpg\" \/>\n\t<meta property=\"og:image:width\" content=\"1800\" \/>\n\t<meta property=\"og:image:height\" content=\"1200\" \/>\n\t<meta property=\"og:image:type\" content=\"image\/jpeg\" \/>\n<meta name=\"twitter:card\" content=\"summary_large_image\" \/>\n<meta name=\"twitter:label1\" content=\"Est. reading time\" \/>\n\t<meta name=\"twitter:data1\" content=\"3 minutes\" \/>\n<script type=\"application\/ld+json\" class=\"yoast-schema-graph\">{\"@context\":\"https:\/\/schema.org\",\"@graph\":[{\"@type\":\"WebPage\",\"@id\":\"https:\/\/tasteporto.com\/passport_location\/confeitaria-moura\/\",\"url\":\"https:\/\/tasteporto.com\/passport_location\/confeitaria-moura\/\",\"name\":\"\",\"isPartOf\":{\"@id\":\"https:\/\/tasteporto.com\/ko\/#website\"},\"primaryImageOfPage\":{\"@id\":\"https:\/\/tasteporto.com\/passport_location\/confeitaria-moura\/#primaryimage\"},\"image\":{\"@id\":\"https:\/\/tasteporto.com\/passport_location\/confeitaria-moura\/#primaryimage\"},\"thumbnailUrl\":\"https:\/\/tasteporto.com\/wp-content\/uploads\/2023\/05\/Food-Passport_Confeitaria-Moura.jpg\",\"datePublished\":\"2020-06-04T16:37:09+00:00\",\"dateModified\":\"2025-10-30T16:07:49+00:00\",\"description\":\"\",\"breadcrumb\":{\"@id\":\"https:\/\/tasteporto.com\/passport_location\/confeitaria-moura\/#breadcrumb\"},\"inLanguage\":\"fr-FR\",\"potentialAction\":[{\"@type\":\"ReadAction\",\"target\":[\"https:\/\/tasteporto.com\/passport_location\/confeitaria-moura\/\"]}]},{\"@type\":\"ImageObject\",\"inLanguage\":\"fr-FR\",\"@id\":\"https:\/\/tasteporto.com\/passport_location\/confeitaria-moura\/#primaryimage\",\"url\":\"https:\/\/tasteporto.com\/wp-content\/uploads\/2023\/05\/Food-Passport_Confeitaria-Moura.jpg\",\"contentUrl\":\"https:\/\/tasteporto.com\/wp-content\/uploads\/2023\/05\/Food-Passport_Confeitaria-Moura.jpg\",\"width\":1800,\"height\":1200,\"caption\":\"Food Passport_Confeitaria Moura\"},{\"@type\":\"BreadcrumbList\",\"@id\":\"https:\/\/tasteporto.com\/passport_location\/confeitaria-moura\/#breadcrumb\",\"itemListElement\":[{\"@type\":\"ListItem\",\"position\":1,\"name\":\"Home\",\"item\":\"https:\/\/tasteporto.com\/\"},{\"@type\":\"ListItem\",\"position\":2,\"name\":\"Passport Locations\",\"item\":\"https:\/\/tasteporto.com\/de\/passport_location\/\"},{\"@type\":\"ListItem\",\"position\":3,\"name\":\"Tasting Location #2: Confeitaria Moura\"}]},{\"@type\":\"WebSite\",\"@id\":\"https:\/\/tasteporto.com\/ko\/#website\",\"url\":\"https:\/\/tasteporto.com\/ko\/\",\"name\":\"Taste Porto\",\"description\":\"Porto Food Tours\",\"publisher\":{\"@id\":\"https:\/\/tasteporto.com\/ko\/#organization\"},\"potentialAction\":[{\"@type\":\"SearchAction\",\"target\":{\"@type\":\"EntryPoint\",\"urlTemplate\":\"https:\/\/tasteporto.com\/ko\/?s={search_term_string}\"},\"query-input\":{\"@type\":\"PropertyValueSpecification\",\"valueRequired\":true,\"valueName\":\"search_term_string\"}}],\"inLanguage\":\"fr-FR\"},{\"@type\":\"Organization\",\"@id\":\"https:\/\/tasteporto.com\/ko\/#organization\",\"name\":\"Taste Porto\",\"url\":\"https:\/\/tasteporto.com\/ko\/\",\"logo\":{\"@type\":\"ImageObject\",\"inLanguage\":\"fr-FR\",\"@id\":\"https:\/\/tasteporto.com\/ko\/#\/schema\/logo\/image\/\",\"url\":\"https:\/\/tasteporto.com\/wp-content\/uploads\/2020\/06\/logo_preto_300px-150x150-1.png\",\"contentUrl\":\"https:\/\/tasteporto.com\/wp-content\/uploads\/2020\/06\/logo_preto_300px-150x150-1.png\",\"width\":150,\"height\":150,\"caption\":\"Taste Porto\"},\"image\":{\"@id\":\"https:\/\/tasteporto.com\/ko\/#\/schema\/logo\/image\/\"}}]}<\/script>\n<!-- \/ Yoast SEO plugin. -->","yoast_head_json":{"title":"Taste Porto","description":"[:pt]Damos-lhe as boas-vindas \u00e0 Confeitaria Moura, uma padaria inaugurada em 1892 em Santo Tirso, uma cidade localizada a 30 km do Porto.[:ja]W\u30b3\u30f3\u30d5\u30a7\u30a4\u30bf\u30ea\u30a2\u30fb\u30e2\u30a6\u30e9\u3078\u3001\u3088\u3046\u3053\u305d\uff01 \u30b3\u30f3\u30d5\u30a7\u30a4\u30bf\u30ea\u30a2\u30fb\u30e2\u30a6\u30e9\u306f\u30dd\u30eb\u30c8\u304b\u308930km\u306e\u8ddd\u96e2\u306b\u3042\u308b\u3001\u30b5\u30f3\u30c8\u30fb\u30c6\u30a3\u30eb\u30bd\u306e\u753a\u30671982\u5e74\u306b\u5275\u8a2d\u3055\u308c\u305f\u30d1\u30f3\u5c4b\u3067\u3059\u3002[:ko]Confeitaria Moura\ub294 1892\ub144 \ud3ec\ub974\ud22c\uc5d0\uc11c 30km \ub5a8\uc5b4\uc9c4 \uc0b0\ud22c\ud2f0\ub974\uc218\uc5d0\uc11c \ubb38\uc744 \uc5f4\uc5c8\uc2b5\ub2c8\ub2e4.[:]","robots":{"index":"noindex","follow":"nofollow"},"og_locale":"fr_FR","og_type":"article","og_title":"[:pt]Local de Prova: Confeitaria Moura | Taste Porto Food Tours[:ja]\u30c6\u30a4\u30b9\u30c6\u30a3\u30f3\u30b0\u30fb\u30d7\u30ec\u30a4\u30b9 #3: \u30b3\u30f3\u30d5\u30a7\u30a4\u30bf\u30ea\u30a2\u30fb\u30e2\u30a6\u30e9[:ko]\ub9db\uc9d1 #3: Confeitaria Moura | Taste Porto Food Tours[:]","og_description":"[:pt]Damos-lhe as boas-vindas \u00e0 Confeitaria Moura, uma padaria inaugurada em 1892 em Santo Tirso, uma cidade localizada a 30 km do Porto.[:ja]W\u30b3\u30f3\u30d5\u30a7\u30a4\u30bf\u30ea\u30a2\u30fb\u30e2\u30a6\u30e9\u3078\u3001\u3088\u3046\u3053\u305d\uff01 \u30b3\u30f3\u30d5\u30a7\u30a4\u30bf\u30ea\u30a2\u30fb\u30e2\u30a6\u30e9\u306f\u30dd\u30eb\u30c8\u304b\u308930km\u306e\u8ddd\u96e2\u306b\u3042\u308b\u3001\u30b5\u30f3\u30c8\u30fb\u30c6\u30a3\u30eb\u30bd\u306e\u753a\u30671982\u5e74\u306b\u5275\u8a2d\u3055\u308c\u305f\u30d1\u30f3\u5c4b\u3067\u3059\u3002[:ko]Confeitaria Moura\ub294 1892\ub144 \ud3ec\ub974\ud22c\uc5d0\uc11c 30km \ub5a8\uc5b4\uc9c4 \uc0b0\ud22c\ud2f0\ub974\uc218\uc5d0\uc11c \ubb38\uc744 \uc5f4\uc5c8\uc2b5\ub2c8\ub2e4.[:]","og_url":"https:\/\/tasteporto.com\/fr\/passport_location\/confeitaria-moura\/","og_site_name":"Taste Porto","article_modified_time":"2025-10-30T16:07:49+00:00","og_image":[{"width":1800,"height":1200,"url":"https:\/\/tasteporto.com\/wp-content\/uploads\/2023\/05\/Food-Passport_Confeitaria-Moura.jpg","type":"image\/jpeg"}],"twitter_card":"summary_large_image","twitter_misc":{"Est. reading time":"3 minutes"},"schema":{"@context":"https:\/\/schema.org","@graph":[{"@type":"WebPage","@id":"https:\/\/tasteporto.com\/passport_location\/confeitaria-moura\/","url":"https:\/\/tasteporto.com\/passport_location\/confeitaria-moura\/","name":"","isPartOf":{"@id":"https:\/\/tasteporto.com\/ko\/#website"},"primaryImageOfPage":{"@id":"https:\/\/tasteporto.com\/passport_location\/confeitaria-moura\/#primaryimage"},"image":{"@id":"https:\/\/tasteporto.com\/passport_location\/confeitaria-moura\/#primaryimage"},"thumbnailUrl":"https:\/\/tasteporto.com\/wp-content\/uploads\/2023\/05\/Food-Passport_Confeitaria-Moura.jpg","datePublished":"2020-06-04T16:37:09+00:00","dateModified":"2025-10-30T16:07:49+00:00","description":"","breadcrumb":{"@id":"https:\/\/tasteporto.com\/passport_location\/confeitaria-moura\/#breadcrumb"},"inLanguage":"fr-FR","potentialAction":[{"@type":"ReadAction","target":["https:\/\/tasteporto.com\/passport_location\/confeitaria-moura\/"]}]},{"@type":"ImageObject","inLanguage":"fr-FR","@id":"https:\/\/tasteporto.com\/passport_location\/confeitaria-moura\/#primaryimage","url":"https:\/\/tasteporto.com\/wp-content\/uploads\/2023\/05\/Food-Passport_Confeitaria-Moura.jpg","contentUrl":"https:\/\/tasteporto.com\/wp-content\/uploads\/2023\/05\/Food-Passport_Confeitaria-Moura.jpg","width":1800,"height":1200,"caption":"Food Passport_Confeitaria Moura"},{"@type":"BreadcrumbList","@id":"https:\/\/tasteporto.com\/passport_location\/confeitaria-moura\/#breadcrumb","itemListElement":[{"@type":"ListItem","position":1,"name":"Home","item":"https:\/\/tasteporto.com\/"},{"@type":"ListItem","position":2,"name":"Passport Locations","item":"https:\/\/tasteporto.com\/de\/passport_location\/"},{"@type":"ListItem","position":3,"name":"Tasting Location #2: Confeitaria Moura"}]},{"@type":"WebSite","@id":"https:\/\/tasteporto.com\/ko\/#website","url":"https:\/\/tasteporto.com\/ko\/","name":"Taste Porto","description":"Porto Food Tours","publisher":{"@id":"https:\/\/tasteporto.com\/ko\/#organization"},"potentialAction":[{"@type":"SearchAction","target":{"@type":"EntryPoint","urlTemplate":"https:\/\/tasteporto.com\/ko\/?s={search_term_string}"},"query-input":{"@type":"PropertyValueSpecification","valueRequired":true,"valueName":"search_term_string"}}],"inLanguage":"fr-FR"},{"@type":"Organization","@id":"https:\/\/tasteporto.com\/ko\/#organization","name":"Taste Porto","url":"https:\/\/tasteporto.com\/ko\/","logo":{"@type":"ImageObject","inLanguage":"fr-FR","@id":"https:\/\/tasteporto.com\/ko\/#\/schema\/logo\/image\/","url":"https:\/\/tasteporto.com\/wp-content\/uploads\/2020\/06\/logo_preto_300px-150x150-1.png","contentUrl":"https:\/\/tasteporto.com\/wp-content\/uploads\/2020\/06\/logo_preto_300px-150x150-1.png","width":150,"height":150,"caption":"Taste Porto"},"image":{"@id":"https:\/\/tasteporto.com\/ko\/#\/schema\/logo\/image\/"}}]}},"_links":{"self":[{"href":"https:\/\/tasteporto.com\/fr\/wp-json\/wp\/v2\/passport_location\/569","targetHints":{"allow":["GET"]}}],"collection":[{"href":"https:\/\/tasteporto.com\/fr\/wp-json\/wp\/v2\/passport_location"}],"about":[{"href":"https:\/\/tasteporto.com\/fr\/wp-json\/wp\/v2\/types\/passport_location"}],"wp:featuredmedia":[{"embeddable":true,"href":"https:\/\/tasteporto.com\/fr\/wp-json\/wp\/v2\/media\/9641"}],"wp:attachment":[{"href":"https:\/\/tasteporto.com\/fr\/wp-json\/wp\/v2\/media?parent=569"}],"curies":[{"name":"wp","href":"https:\/\/api.w.org\/{rel}","templated":true}]}}