{"id":569,"date":"2020-06-04T16:37:09","date_gmt":"2020-06-04T16:37:09","guid":{"rendered":"http:\/\/localhost:32769\/?post_type=passport_location&#038;p=569"},"modified":"2025-10-30T16:07:49","modified_gmt":"2025-10-30T16:07:49","slug":"confeitaria-moura","status":"publish","type":"passport_location","link":"https:\/\/tasteporto.com\/es\/passport_location\/confeitaria-moura\/","title":{"rendered":"Lugar de degustaci\u00f3n #2: Confeitaria Moura"},"content":{"rendered":"\n<p>La Confeitaria Moura abre de lunes a domingo de 10h00 a 19h00. Dado que se trata de una visita gastron\u00f3mica autoguiada, le rogamos que compruebe el horario de cada lugar de degustaci\u00f3n antes de visitarlo. No somos propietarios de ninguno de estos establecimientos y sus horarios pueden cambiar inesperadamente.<\/p>\n\n\n\n<p>Bienvenido a <strong>Confeitaria Moura<\/strong>, una panader\u00eda hist\u00f3rica que abri\u00f3 sus puertas por primera vez en 1892 en Santo Tirso, una ciudad ubicada a 30 km de Porto. <br><br>Al frente de este establecimiento se encuentra Jo\u00e3o Pelayo, la quinta generaci\u00f3n de su familia que dirige la panader\u00eda. Anteriormente trabajando como consultor financiero en Lisboa, la capital de Portugal, Jo\u00e3o tom\u00f3 la decisi\u00f3n de regresar y contribuir al crecimiento del negocio familiar. Adem\u00e1s de la tienda original, tambi\u00e9n ha abierto una sucursal en el Mercado Bom Sucesso y la que est\u00e1s visitando en este momento. <br><br>Ahora, es posible que te preguntes, <strong>\u00bfqu\u00e9 nos trae aqu\u00ed? <\/strong>Estamos aqu\u00ed para deleitarnos con el delicioso Jesu\u00edta. <br><br>Este pastel fue creado por un h\u00e1bil panadero que proced\u00eda de Bilbao, Espa\u00f1a, y se uni\u00f3 a Confeitaria Moura. El origen del nombre sigue siendo un poco misterioso: algunos dicen que se debe a que el color de la pasteler\u00eda se asemeja a las prendas usadas por los sacerdotes jesuitas, mientras que otros creen que est\u00e1 relacionado con la afiliaci\u00f3n del panadero espa\u00f1ol a la orden jesuita. <br><br>En cualquier caso, una parte de la receta es un secreto muy bien guardado, detr\u00e1s de la puerta que se encuentra all\u00ed, accesible solo para los panaderos que forman parte de la familia original, preservando as\u00ed la tradici\u00f3n y el secreto de la receta. <br><br>Puedes encontrar este pastel en otras partes de la ciudad, pero la parte del hojaldre de la receta es desconocida para todos fuera de la familia. Mientras est\u00e1s aqu\u00ed, te invitamos a disfrutar tambi\u00e9n de un limonete, elaborado con la misma masa de milhojas pero relleno con un delicioso glac\u00e9 de lim\u00f3n. <br><br>Ense\u00f1a el <strong>QR code <\/strong>al camarero para disfrutares de los sabores tanto de la Jesuita como del Limonete (el caf\u00e9 est\u00e1 inclu\u00eddo).<\/p>\n\n\n\n<h3 class=\"wp-block-heading\">\u00a1Disfruta o, como decimos en portugu\u00e9s, Bom Apetite!<\/h3>\n\n\n\n<p>A continuaci\u00f3n, nos dirigiremos a: <\/p>\n\n\n\n<ul class=\"wp-block-list\">\n<li><strong>Lugar de degustaci\u00f3n #3:<\/strong> Taxca<\/li>\n\n\n\n<li><strong>Direcci\u00f3n:<\/strong> Rua da Picaria 26, Porto<\/li>\n\n\n\n<li><strong>Horarios: <\/strong> <br>De lunes a mi\u00e9rcoles: 12h00-22h30 <br>De jueves a s\u00e1bado: 12h00-02h00<\/li>\n\n\n\n<li><strong>Tel\u00e9fono:<\/strong> +351 222 011 807<\/li>\n<\/ul>\n","protected":false},"featured_media":9641,"template":"","class_list":["post-569","passport_location","type-passport_location","status-publish","has-post-thumbnail","hentry"],"acf":[],"yoast_head":"<!-- This site is optimized with the Yoast SEO plugin v26.5 - https:\/\/yoast.com\/wordpress\/plugins\/seo\/ -->\n<title>Taste Porto<\/title>\n<meta name=\"description\" content=\"\" \/>\n<meta name=\"robots\" content=\"noindex, nofollow\" \/>\n<meta property=\"og:locale\" content=\"es_ES\" \/>\n<meta property=\"og:locale:alternate\" content=\"en_US\" \/>\n<meta property=\"og:locale:alternate\" content=\"pt_PT\" \/>\n<meta property=\"og:locale:alternate\" content=\"fr_FR\" \/>\n<meta property=\"og:locale:alternate\" content=\"de_DE\" \/>\n<meta property=\"og:locale:alternate\" content=\"zh_CN\" \/>\n<meta property=\"og:locale:alternate\" content=\"ja\" \/>\n<meta property=\"og:locale:alternate\" content=\"ko\" \/>\n<meta property=\"og:type\" content=\"article\" \/>\n<meta property=\"og:title\" content=\"\" \/>\n<meta property=\"og:description\" content=\"\" \/>\n<meta property=\"og:url\" content=\"https:\/\/tasteporto.com\/es\/passport_location\/confeitaria-moura\/\" \/>\n<meta property=\"og:site_name\" content=\"Taste Porto\" \/>\n<meta property=\"article:modified_time\" content=\"2025-10-30T16:07:49+00:00\" \/>\n<meta property=\"og:image\" content=\"https:\/\/tasteporto.com\/wp-content\/uploads\/2023\/05\/Food-Passport_Confeitaria-Moura.jpg\" \/>\n\t<meta property=\"og:image:width\" content=\"1800\" \/>\n\t<meta property=\"og:image:height\" content=\"1200\" \/>\n\t<meta property=\"og:image:type\" content=\"image\/jpeg\" \/>\n<meta name=\"twitter:card\" content=\"summary_large_image\" \/>\n<meta name=\"twitter:label1\" content=\"Est. reading time\" \/>\n\t<meta name=\"twitter:data1\" content=\"3 minutes\" \/>\n<script type=\"application\/ld+json\" class=\"yoast-schema-graph\">{\"@context\":\"https:\/\/schema.org\",\"@graph\":[{\"@type\":\"WebPage\",\"@id\":\"https:\/\/tasteporto.com\/passport_location\/confeitaria-moura\/\",\"url\":\"https:\/\/tasteporto.com\/passport_location\/confeitaria-moura\/\",\"name\":\"\",\"isPartOf\":{\"@id\":\"https:\/\/tasteporto.com\/ko\/#website\"},\"primaryImageOfPage\":{\"@id\":\"https:\/\/tasteporto.com\/passport_location\/confeitaria-moura\/#primaryimage\"},\"image\":{\"@id\":\"https:\/\/tasteporto.com\/passport_location\/confeitaria-moura\/#primaryimage\"},\"thumbnailUrl\":\"https:\/\/tasteporto.com\/wp-content\/uploads\/2023\/05\/Food-Passport_Confeitaria-Moura.jpg\",\"datePublished\":\"2020-06-04T16:37:09+00:00\",\"dateModified\":\"2025-10-30T16:07:49+00:00\",\"description\":\"\",\"breadcrumb\":{\"@id\":\"https:\/\/tasteporto.com\/passport_location\/confeitaria-moura\/#breadcrumb\"},\"inLanguage\":\"es-ES\",\"potentialAction\":[{\"@type\":\"ReadAction\",\"target\":[\"https:\/\/tasteporto.com\/passport_location\/confeitaria-moura\/\"]}]},{\"@type\":\"ImageObject\",\"inLanguage\":\"es-ES\",\"@id\":\"https:\/\/tasteporto.com\/passport_location\/confeitaria-moura\/#primaryimage\",\"url\":\"https:\/\/tasteporto.com\/wp-content\/uploads\/2023\/05\/Food-Passport_Confeitaria-Moura.jpg\",\"contentUrl\":\"https:\/\/tasteporto.com\/wp-content\/uploads\/2023\/05\/Food-Passport_Confeitaria-Moura.jpg\",\"width\":1800,\"height\":1200,\"caption\":\"Food Passport_Confeitaria Moura\"},{\"@type\":\"BreadcrumbList\",\"@id\":\"https:\/\/tasteporto.com\/passport_location\/confeitaria-moura\/#breadcrumb\",\"itemListElement\":[{\"@type\":\"ListItem\",\"position\":1,\"name\":\"Home\",\"item\":\"https:\/\/tasteporto.com\/\"},{\"@type\":\"ListItem\",\"position\":2,\"name\":\"Passport Locations\",\"item\":\"https:\/\/tasteporto.com\/de\/passport_location\/\"},{\"@type\":\"ListItem\",\"position\":3,\"name\":\"Tasting Location #2: Confeitaria Moura\"}]},{\"@type\":\"WebSite\",\"@id\":\"https:\/\/tasteporto.com\/ko\/#website\",\"url\":\"https:\/\/tasteporto.com\/ko\/\",\"name\":\"Taste Porto\",\"description\":\"Porto Food Tours\",\"publisher\":{\"@id\":\"https:\/\/tasteporto.com\/ko\/#organization\"},\"potentialAction\":[{\"@type\":\"SearchAction\",\"target\":{\"@type\":\"EntryPoint\",\"urlTemplate\":\"https:\/\/tasteporto.com\/ko\/?s={search_term_string}\"},\"query-input\":{\"@type\":\"PropertyValueSpecification\",\"valueRequired\":true,\"valueName\":\"search_term_string\"}}],\"inLanguage\":\"es-ES\"},{\"@type\":\"Organization\",\"@id\":\"https:\/\/tasteporto.com\/ko\/#organization\",\"name\":\"Taste Porto\",\"url\":\"https:\/\/tasteporto.com\/ko\/\",\"logo\":{\"@type\":\"ImageObject\",\"inLanguage\":\"es-ES\",\"@id\":\"https:\/\/tasteporto.com\/ko\/#\/schema\/logo\/image\/\",\"url\":\"https:\/\/tasteporto.com\/wp-content\/uploads\/2020\/06\/logo_preto_300px-150x150-1.png\",\"contentUrl\":\"https:\/\/tasteporto.com\/wp-content\/uploads\/2020\/06\/logo_preto_300px-150x150-1.png\",\"width\":150,\"height\":150,\"caption\":\"Taste Porto\"},\"image\":{\"@id\":\"https:\/\/tasteporto.com\/ko\/#\/schema\/logo\/image\/\"}}]}<\/script>\n<!-- \/ Yoast SEO plugin. -->","yoast_head_json":{"title":"Taste Porto","description":"[:pt]Damos-lhe as boas-vindas \u00e0 Confeitaria Moura, uma padaria inaugurada em 1892 em Santo Tirso, uma cidade localizada a 30 km do Porto.[:ja]W\u30b3\u30f3\u30d5\u30a7\u30a4\u30bf\u30ea\u30a2\u30fb\u30e2\u30a6\u30e9\u3078\u3001\u3088\u3046\u3053\u305d\uff01 \u30b3\u30f3\u30d5\u30a7\u30a4\u30bf\u30ea\u30a2\u30fb\u30e2\u30a6\u30e9\u306f\u30dd\u30eb\u30c8\u304b\u308930km\u306e\u8ddd\u96e2\u306b\u3042\u308b\u3001\u30b5\u30f3\u30c8\u30fb\u30c6\u30a3\u30eb\u30bd\u306e\u753a\u30671982\u5e74\u306b\u5275\u8a2d\u3055\u308c\u305f\u30d1\u30f3\u5c4b\u3067\u3059\u3002[:ko]Confeitaria Moura\ub294 1892\ub144 \ud3ec\ub974\ud22c\uc5d0\uc11c 30km \ub5a8\uc5b4\uc9c4 \uc0b0\ud22c\ud2f0\ub974\uc218\uc5d0\uc11c \ubb38\uc744 \uc5f4\uc5c8\uc2b5\ub2c8\ub2e4.[:]","robots":{"index":"noindex","follow":"nofollow"},"og_locale":"es_ES","og_type":"article","og_title":"[:pt]Local de Prova: Confeitaria Moura | Taste Porto Food Tours[:ja]\u30c6\u30a4\u30b9\u30c6\u30a3\u30f3\u30b0\u30fb\u30d7\u30ec\u30a4\u30b9 #3: \u30b3\u30f3\u30d5\u30a7\u30a4\u30bf\u30ea\u30a2\u30fb\u30e2\u30a6\u30e9[:ko]\ub9db\uc9d1 #3: Confeitaria Moura | Taste Porto Food Tours[:]","og_description":"[:pt]Damos-lhe as boas-vindas \u00e0 Confeitaria Moura, uma padaria inaugurada em 1892 em Santo Tirso, uma cidade localizada a 30 km do Porto.[:ja]W\u30b3\u30f3\u30d5\u30a7\u30a4\u30bf\u30ea\u30a2\u30fb\u30e2\u30a6\u30e9\u3078\u3001\u3088\u3046\u3053\u305d\uff01 \u30b3\u30f3\u30d5\u30a7\u30a4\u30bf\u30ea\u30a2\u30fb\u30e2\u30a6\u30e9\u306f\u30dd\u30eb\u30c8\u304b\u308930km\u306e\u8ddd\u96e2\u306b\u3042\u308b\u3001\u30b5\u30f3\u30c8\u30fb\u30c6\u30a3\u30eb\u30bd\u306e\u753a\u30671982\u5e74\u306b\u5275\u8a2d\u3055\u308c\u305f\u30d1\u30f3\u5c4b\u3067\u3059\u3002[:ko]Confeitaria Moura\ub294 1892\ub144 \ud3ec\ub974\ud22c\uc5d0\uc11c 30km \ub5a8\uc5b4\uc9c4 \uc0b0\ud22c\ud2f0\ub974\uc218\uc5d0\uc11c \ubb38\uc744 \uc5f4\uc5c8\uc2b5\ub2c8\ub2e4.[:]","og_url":"https:\/\/tasteporto.com\/es\/passport_location\/confeitaria-moura\/","og_site_name":"Taste Porto","article_modified_time":"2025-10-30T16:07:49+00:00","og_image":[{"width":1800,"height":1200,"url":"https:\/\/tasteporto.com\/wp-content\/uploads\/2023\/05\/Food-Passport_Confeitaria-Moura.jpg","type":"image\/jpeg"}],"twitter_card":"summary_large_image","twitter_misc":{"Est. reading time":"3 minutes"},"schema":{"@context":"https:\/\/schema.org","@graph":[{"@type":"WebPage","@id":"https:\/\/tasteporto.com\/passport_location\/confeitaria-moura\/","url":"https:\/\/tasteporto.com\/passport_location\/confeitaria-moura\/","name":"","isPartOf":{"@id":"https:\/\/tasteporto.com\/ko\/#website"},"primaryImageOfPage":{"@id":"https:\/\/tasteporto.com\/passport_location\/confeitaria-moura\/#primaryimage"},"image":{"@id":"https:\/\/tasteporto.com\/passport_location\/confeitaria-moura\/#primaryimage"},"thumbnailUrl":"https:\/\/tasteporto.com\/wp-content\/uploads\/2023\/05\/Food-Passport_Confeitaria-Moura.jpg","datePublished":"2020-06-04T16:37:09+00:00","dateModified":"2025-10-30T16:07:49+00:00","description":"","breadcrumb":{"@id":"https:\/\/tasteporto.com\/passport_location\/confeitaria-moura\/#breadcrumb"},"inLanguage":"es-ES","potentialAction":[{"@type":"ReadAction","target":["https:\/\/tasteporto.com\/passport_location\/confeitaria-moura\/"]}]},{"@type":"ImageObject","inLanguage":"es-ES","@id":"https:\/\/tasteporto.com\/passport_location\/confeitaria-moura\/#primaryimage","url":"https:\/\/tasteporto.com\/wp-content\/uploads\/2023\/05\/Food-Passport_Confeitaria-Moura.jpg","contentUrl":"https:\/\/tasteporto.com\/wp-content\/uploads\/2023\/05\/Food-Passport_Confeitaria-Moura.jpg","width":1800,"height":1200,"caption":"Food Passport_Confeitaria Moura"},{"@type":"BreadcrumbList","@id":"https:\/\/tasteporto.com\/passport_location\/confeitaria-moura\/#breadcrumb","itemListElement":[{"@type":"ListItem","position":1,"name":"Home","item":"https:\/\/tasteporto.com\/"},{"@type":"ListItem","position":2,"name":"Passport Locations","item":"https:\/\/tasteporto.com\/de\/passport_location\/"},{"@type":"ListItem","position":3,"name":"Tasting Location #2: Confeitaria Moura"}]},{"@type":"WebSite","@id":"https:\/\/tasteporto.com\/ko\/#website","url":"https:\/\/tasteporto.com\/ko\/","name":"Taste Porto","description":"Porto Food Tours","publisher":{"@id":"https:\/\/tasteporto.com\/ko\/#organization"},"potentialAction":[{"@type":"SearchAction","target":{"@type":"EntryPoint","urlTemplate":"https:\/\/tasteporto.com\/ko\/?s={search_term_string}"},"query-input":{"@type":"PropertyValueSpecification","valueRequired":true,"valueName":"search_term_string"}}],"inLanguage":"es-ES"},{"@type":"Organization","@id":"https:\/\/tasteporto.com\/ko\/#organization","name":"Taste Porto","url":"https:\/\/tasteporto.com\/ko\/","logo":{"@type":"ImageObject","inLanguage":"es-ES","@id":"https:\/\/tasteporto.com\/ko\/#\/schema\/logo\/image\/","url":"https:\/\/tasteporto.com\/wp-content\/uploads\/2020\/06\/logo_preto_300px-150x150-1.png","contentUrl":"https:\/\/tasteporto.com\/wp-content\/uploads\/2020\/06\/logo_preto_300px-150x150-1.png","width":150,"height":150,"caption":"Taste Porto"},"image":{"@id":"https:\/\/tasteporto.com\/ko\/#\/schema\/logo\/image\/"}}]}},"_links":{"self":[{"href":"https:\/\/tasteporto.com\/es\/wp-json\/wp\/v2\/passport_location\/569","targetHints":{"allow":["GET"]}}],"collection":[{"href":"https:\/\/tasteporto.com\/es\/wp-json\/wp\/v2\/passport_location"}],"about":[{"href":"https:\/\/tasteporto.com\/es\/wp-json\/wp\/v2\/types\/passport_location"}],"wp:featuredmedia":[{"embeddable":true,"href":"https:\/\/tasteporto.com\/es\/wp-json\/wp\/v2\/media\/9641"}],"wp:attachment":[{"href":"https:\/\/tasteporto.com\/es\/wp-json\/wp\/v2\/media?parent=569"}],"curies":[{"name":"wp","href":"https:\/\/api.w.org\/{rel}","templated":true}]}}