{"id":1072,"date":"2020-06-15T15:36:38","date_gmt":"2020-06-15T15:36:38","guid":{"rendered":"https:\/\/tasteporto.com\/?post_type=passport_location&#038;p=1072"},"modified":"2025-10-30T16:16:42","modified_gmt":"2025-10-30T16:16:42","slug":"fabrica-da-picaria","status":"publish","type":"passport_location","link":"https:\/\/tasteporto.com\/es\/passport_location\/fabrica-da-picaria\/","title":{"rendered":"Lugar de degustaci\u00f3n #4: F\u00e1brica da Picaria"},"content":{"rendered":"\n<p>La F\u00e1brica da Picaria abre de lunes a viernes de 17h00 a 24h00 y de s\u00e1bado a domingo de 13h00 a 24h00. Como este es un tour gastron\u00f3mico autoguiado, por favor, verifique nuevamente el horario de cada lugar de degustaci\u00f3n antes de visitar. No somos propietarios de ninguno de estos establecimientos y sus horarios pueden cambiar inesperadamente.<\/p>\n\n\n\n<h3 class=\"wp-block-heading\">\u00a1Bienvenido a F\u00e1brica da Picaria, la primera cervecer\u00eda artesanal de Porto!<\/h3>\n\n\n\n<p>El propietario de este establecimiento, Tiago Duarte, trabaj\u00f3 anteriormente para una de las marcas prominentes de cerveza industrial de Portugal, Super Bock, reconocida por su cerveza pilsner ligera. Sin embargo, vio una oportunidad para elevar su experiencia en la elaboraci\u00f3n de cerveza y se embarc\u00f3 en un viaje para crear sus propias cervezas \u00fanicas. Este lugar es parte de nuestro recorrido de Cerveza Artesanal y Comida, y aqu\u00ed probar\u00e1s un bocadillo cl\u00e1sico y tradicional llamado Bifana. Pero antes de adentrarnos en sus detalles, asegur\u00e9monos de que lo tengas justo frente a ti. \u00a1Es hora de presentar tu c\u00f3digo QR al camarero!<\/p>\n\n\n\n<p>Bifana es uno de los <strong>principales s\u00e1ndwiches del pa\u00eds<\/strong>, que se disfruta de norte a sur. Bifana es un s\u00e1ndwich de cerdo &#8230; \u00a1tan simple como eso! Panceta y paletilla de cerdo en rodajas finas, marinadas en chiles (piri piri), vino blanco, montones de ajo y laurel, luego cocidas a fuego lento en esta salsa rica, sabrosa y picante. Parece lo suficientemente b\u00e1sico, \u00bfno? Sin embargo, en todos los lugares donde pruebes una Bifana, tendr\u00e1 un sabor diferente. Y esta es la belleza de ello! <\/p>\n\n\n\n<p>Pregunta al personal de F\u00e1brica por una recomendaci\u00f3n de cerveza para acompa\u00f1ar el picante de la Bifana (no incluida en este Food Passport). <br><br>PD: Si te gustar\u00eda conocer m\u00e1s sobre la vibrante escena de la cerveza artesanal en Porto, puedes unirte a nuestro Craft Beer &#038; Food Tour, donde podr\u00e1s degustar 7 cervezas artesanales portuguesas, probar 4 petiscos locales y visitar una cervecer\u00eda local. \u00bfNos vemos all\u00ed? <\/p>\n\n\n\n<p><strong>La proxima parada es la \u00faltima.<\/strong><\/p>\n\n\n\n<ul class=\"wp-block-list\">\n<li><strong>Lugar de degustaci\u00f3n #5:<\/strong> Oficina dos Riss\u00f3is<\/li>\n\n\n\n<li><strong>Direcci\u00f3n: <\/strong> Passeio de S\u00e3o L\u00e1zaro 5A<\/li>\n\n\n\n<li><strong>Horario de apertura:<\/strong><br>De lunes a s\u00e1bado: de 6 PM a 10 PM (cerrado los martes)<\/li>\n\n\n\n<li><strong>Tel\u00e9fono: <\/strong>+351 912 018 587<\/li>\n<\/ul>\n","protected":false},"featured_media":11206,"template":"","class_list":["post-1072","passport_location","type-passport_location","status-publish","has-post-thumbnail","hentry"],"acf":[],"yoast_head":"<!-- This site is optimized with the Yoast SEO plugin v26.5 - https:\/\/yoast.com\/wordpress\/plugins\/seo\/ -->\n<title>Taste Porto<\/title>\n<meta name=\"description\" content=\"\" \/>\n<meta name=\"robots\" content=\"noindex, nofollow\" \/>\n<meta property=\"og:locale\" content=\"es_ES\" \/>\n<meta property=\"og:locale:alternate\" content=\"en_US\" \/>\n<meta property=\"og:locale:alternate\" content=\"pt_PT\" \/>\n<meta property=\"og:locale:alternate\" content=\"fr_FR\" \/>\n<meta property=\"og:locale:alternate\" content=\"de_DE\" \/>\n<meta property=\"og:locale:alternate\" content=\"zh_CN\" \/>\n<meta property=\"og:locale:alternate\" content=\"ja\" \/>\n<meta property=\"og:locale:alternate\" content=\"ko\" \/>\n<meta property=\"og:type\" content=\"article\" \/>\n<meta property=\"og:title\" content=\"\" \/>\n<meta property=\"og:description\" content=\"\" \/>\n<meta property=\"og:url\" content=\"https:\/\/tasteporto.com\/es\/passport_location\/fabrica-da-picaria\/\" \/>\n<meta property=\"og:site_name\" content=\"Taste Porto\" \/>\n<meta property=\"article:modified_time\" content=\"2025-10-30T16:16:42+00:00\" \/>\n<meta property=\"og:image\" content=\"https:\/\/tasteporto.com\/wp-content\/uploads\/2023\/07\/Taste-Porto-Food-Passport-a-self-guided-food-tour-of-Porto.jpg\" \/>\n\t<meta property=\"og:image:width\" content=\"1080\" \/>\n\t<meta property=\"og:image:height\" content=\"1080\" \/>\n\t<meta property=\"og:image:type\" content=\"image\/jpeg\" \/>\n<meta name=\"twitter:card\" content=\"summary_large_image\" \/>\n<meta name=\"twitter:label1\" content=\"Est. reading time\" \/>\n\t<meta name=\"twitter:data1\" content=\"2 minutes\" \/>\n<script type=\"application\/ld+json\" class=\"yoast-schema-graph\">{\"@context\":\"https:\/\/schema.org\",\"@graph\":[{\"@type\":\"WebPage\",\"@id\":\"https:\/\/tasteporto.com\/passport_location\/fabrica-da-picaria\/\",\"url\":\"https:\/\/tasteporto.com\/passport_location\/fabrica-da-picaria\/\",\"name\":\"\",\"isPartOf\":{\"@id\":\"https:\/\/tasteporto.com\/ko\/#website\"},\"primaryImageOfPage\":{\"@id\":\"https:\/\/tasteporto.com\/passport_location\/fabrica-da-picaria\/#primaryimage\"},\"image\":{\"@id\":\"https:\/\/tasteporto.com\/passport_location\/fabrica-da-picaria\/#primaryimage\"},\"thumbnailUrl\":\"https:\/\/tasteporto.com\/wp-content\/uploads\/2023\/07\/Taste-Porto-Food-Passport-a-self-guided-food-tour-of-Porto.jpg\",\"datePublished\":\"2020-06-15T15:36:38+00:00\",\"dateModified\":\"2025-10-30T16:16:42+00:00\",\"description\":\"\",\"breadcrumb\":{\"@id\":\"https:\/\/tasteporto.com\/passport_location\/fabrica-da-picaria\/#breadcrumb\"},\"inLanguage\":\"es-ES\",\"potentialAction\":[{\"@type\":\"ReadAction\",\"target\":[\"https:\/\/tasteporto.com\/passport_location\/fabrica-da-picaria\/\"]}]},{\"@type\":\"ImageObject\",\"inLanguage\":\"es-ES\",\"@id\":\"https:\/\/tasteporto.com\/passport_location\/fabrica-da-picaria\/#primaryimage\",\"url\":\"https:\/\/tasteporto.com\/wp-content\/uploads\/2023\/07\/Taste-Porto-Food-Passport-a-self-guided-food-tour-of-Porto.jpg\",\"contentUrl\":\"https:\/\/tasteporto.com\/wp-content\/uploads\/2023\/07\/Taste-Porto-Food-Passport-a-self-guided-food-tour-of-Porto.jpg\",\"width\":1080,\"height\":1080,\"caption\":\"Food Passport a self-guided food tour of Porto\"},{\"@type\":\"BreadcrumbList\",\"@id\":\"https:\/\/tasteporto.com\/passport_location\/fabrica-da-picaria\/#breadcrumb\",\"itemListElement\":[{\"@type\":\"ListItem\",\"position\":1,\"name\":\"Home\",\"item\":\"https:\/\/tasteporto.com\/\"},{\"@type\":\"ListItem\",\"position\":2,\"name\":\"Passport Locations\",\"item\":\"https:\/\/tasteporto.com\/de\/passport_location\/\"},{\"@type\":\"ListItem\",\"position\":3,\"name\":\"Tasting Location #4: F\u00e1brica da Picaria\"}]},{\"@type\":\"WebSite\",\"@id\":\"https:\/\/tasteporto.com\/ko\/#website\",\"url\":\"https:\/\/tasteporto.com\/ko\/\",\"name\":\"Taste Porto\",\"description\":\"Porto Food Tours\",\"publisher\":{\"@id\":\"https:\/\/tasteporto.com\/ko\/#organization\"},\"potentialAction\":[{\"@type\":\"SearchAction\",\"target\":{\"@type\":\"EntryPoint\",\"urlTemplate\":\"https:\/\/tasteporto.com\/ko\/?s={search_term_string}\"},\"query-input\":{\"@type\":\"PropertyValueSpecification\",\"valueRequired\":true,\"valueName\":\"search_term_string\"}}],\"inLanguage\":\"es-ES\"},{\"@type\":\"Organization\",\"@id\":\"https:\/\/tasteporto.com\/ko\/#organization\",\"name\":\"Taste Porto\",\"url\":\"https:\/\/tasteporto.com\/ko\/\",\"logo\":{\"@type\":\"ImageObject\",\"inLanguage\":\"es-ES\",\"@id\":\"https:\/\/tasteporto.com\/ko\/#\/schema\/logo\/image\/\",\"url\":\"https:\/\/tasteporto.com\/wp-content\/uploads\/2020\/06\/logo_preto_300px-150x150-1.png\",\"contentUrl\":\"https:\/\/tasteporto.com\/wp-content\/uploads\/2020\/06\/logo_preto_300px-150x150-1.png\",\"width\":150,\"height\":150,\"caption\":\"Taste Porto\"},\"image\":{\"@id\":\"https:\/\/tasteporto.com\/ko\/#\/schema\/logo\/image\/\"}}]}<\/script>\n<!-- \/ Yoast SEO plugin. -->","yoast_head_json":{"title":"Taste Porto","description":"[:pt]Esta \u00e9 a F\u00e1brica da Picaria, a primeira cervejaria artesanal do Porto, onde vamos experimentar a tradicional Bifana.[:ja]\u30dd\u30eb\u30c8\u3067\u6700\u521d\u306e\u30af\u30e9\u30d5\u30c8\u30d3\u30fc\u30eb\u91b8\u9020\u6240\u3001 \u30d5\u30a1\u30d6\u30ea\u30ab\u30fb\u30c0\u30fb\u30d4\u30ab\u30ea\u30a2\u3078\u3001\u3088\u3046\u3053\u305d\u3002[:ko]F\u00e1brica da Picaria\ub294 \ud3ec\ub974\ud22c \ucd5c\ucd08\uc758 \ub9e5\uc8fc\ud38d\uc785\ub2c8\ub2e4. \uc0ac\uc7a5\uc778 Tiago Duarte\ub294 \ud3ec\ub974\ud22c\uac08 \uc591\ub300 \ub9e5\uc8fc \ube0c\ub79c\ub4dc\uc774\uc790 \ud544\uc820 \ub9e5\uc8fc\ub85c \uc720\uba85\ud55c \uc288\ud37c\ubcf5(super bock) \ucd9c\uc2e0\uc785\ub2c8\ub2e4.[:]","robots":{"index":"noindex","follow":"nofollow"},"og_locale":"es_ES","og_type":"article","og_title":"[:pt]Local de Prova: F\u00e1brica da Picaria | Taste Porto Food Tours[:ja]\u30c6\u30a4\u30b9\u30c6\u30a3\u30f3\u30b0\u30fb\u30d7\u30ec\u30a4\u30b9 #5\uff1a\u30d5\u30a1\u30d6\u30ea\u30ab\u30fb\u30c0\u30fb\u30d4\u30ab\u30ea\u30a2[:ko]\ub9db\uc9d1 #5: F\u00e1brica da Picaria | Taste Porto Food Tours[:]","og_description":"[:pt]Esta \u00e9 a F\u00e1brica da Picaria, a primeira cervejaria artesanal do Porto, onde vamos experimentar a tradicional Bifana.[:ja]\u30dd\u30eb\u30c8\u3067\u6700\u521d\u306e\u30af\u30e9\u30d5\u30c8\u30d3\u30fc\u30eb\u91b8\u9020\u6240\u3001 \u30d5\u30a1\u30d6\u30ea\u30ab\u30fb\u30c0\u30fb\u30d4\u30ab\u30ea\u30a2\u3078\u3001\u3088\u3046\u3053\u305d\u3002[:ko]F\u00e1brica da Picaria\ub294 \ud3ec\ub974\ud22c \ucd5c\ucd08\uc758 \ub9e5\uc8fc\ud38d\uc785\ub2c8\ub2e4. \uc0ac\uc7a5\uc778 Tiago Duarte\ub294 \ud3ec\ub974\ud22c\uac08 \uc591\ub300 \ub9e5\uc8fc \ube0c\ub79c\ub4dc\uc774\uc790 \ud544\uc820 \ub9e5\uc8fc\ub85c \uc720\uba85\ud55c \uc288\ud37c\ubcf5(super bock) \ucd9c\uc2e0\uc785\ub2c8\ub2e4.[:]","og_url":"https:\/\/tasteporto.com\/es\/passport_location\/fabrica-da-picaria\/","og_site_name":"Taste Porto","article_modified_time":"2025-10-30T16:16:42+00:00","og_image":[{"width":1080,"height":1080,"url":"https:\/\/tasteporto.com\/wp-content\/uploads\/2023\/07\/Taste-Porto-Food-Passport-a-self-guided-food-tour-of-Porto.jpg","type":"image\/jpeg"}],"twitter_card":"summary_large_image","twitter_misc":{"Est. reading time":"2 minutes"},"schema":{"@context":"https:\/\/schema.org","@graph":[{"@type":"WebPage","@id":"https:\/\/tasteporto.com\/passport_location\/fabrica-da-picaria\/","url":"https:\/\/tasteporto.com\/passport_location\/fabrica-da-picaria\/","name":"","isPartOf":{"@id":"https:\/\/tasteporto.com\/ko\/#website"},"primaryImageOfPage":{"@id":"https:\/\/tasteporto.com\/passport_location\/fabrica-da-picaria\/#primaryimage"},"image":{"@id":"https:\/\/tasteporto.com\/passport_location\/fabrica-da-picaria\/#primaryimage"},"thumbnailUrl":"https:\/\/tasteporto.com\/wp-content\/uploads\/2023\/07\/Taste-Porto-Food-Passport-a-self-guided-food-tour-of-Porto.jpg","datePublished":"2020-06-15T15:36:38+00:00","dateModified":"2025-10-30T16:16:42+00:00","description":"","breadcrumb":{"@id":"https:\/\/tasteporto.com\/passport_location\/fabrica-da-picaria\/#breadcrumb"},"inLanguage":"es-ES","potentialAction":[{"@type":"ReadAction","target":["https:\/\/tasteporto.com\/passport_location\/fabrica-da-picaria\/"]}]},{"@type":"ImageObject","inLanguage":"es-ES","@id":"https:\/\/tasteporto.com\/passport_location\/fabrica-da-picaria\/#primaryimage","url":"https:\/\/tasteporto.com\/wp-content\/uploads\/2023\/07\/Taste-Porto-Food-Passport-a-self-guided-food-tour-of-Porto.jpg","contentUrl":"https:\/\/tasteporto.com\/wp-content\/uploads\/2023\/07\/Taste-Porto-Food-Passport-a-self-guided-food-tour-of-Porto.jpg","width":1080,"height":1080,"caption":"Food Passport a self-guided food tour of Porto"},{"@type":"BreadcrumbList","@id":"https:\/\/tasteporto.com\/passport_location\/fabrica-da-picaria\/#breadcrumb","itemListElement":[{"@type":"ListItem","position":1,"name":"Home","item":"https:\/\/tasteporto.com\/"},{"@type":"ListItem","position":2,"name":"Passport Locations","item":"https:\/\/tasteporto.com\/de\/passport_location\/"},{"@type":"ListItem","position":3,"name":"Tasting Location #4: F\u00e1brica da Picaria"}]},{"@type":"WebSite","@id":"https:\/\/tasteporto.com\/ko\/#website","url":"https:\/\/tasteporto.com\/ko\/","name":"Taste Porto","description":"Porto Food Tours","publisher":{"@id":"https:\/\/tasteporto.com\/ko\/#organization"},"potentialAction":[{"@type":"SearchAction","target":{"@type":"EntryPoint","urlTemplate":"https:\/\/tasteporto.com\/ko\/?s={search_term_string}"},"query-input":{"@type":"PropertyValueSpecification","valueRequired":true,"valueName":"search_term_string"}}],"inLanguage":"es-ES"},{"@type":"Organization","@id":"https:\/\/tasteporto.com\/ko\/#organization","name":"Taste Porto","url":"https:\/\/tasteporto.com\/ko\/","logo":{"@type":"ImageObject","inLanguage":"es-ES","@id":"https:\/\/tasteporto.com\/ko\/#\/schema\/logo\/image\/","url":"https:\/\/tasteporto.com\/wp-content\/uploads\/2020\/06\/logo_preto_300px-150x150-1.png","contentUrl":"https:\/\/tasteporto.com\/wp-content\/uploads\/2020\/06\/logo_preto_300px-150x150-1.png","width":150,"height":150,"caption":"Taste Porto"},"image":{"@id":"https:\/\/tasteporto.com\/ko\/#\/schema\/logo\/image\/"}}]}},"_links":{"self":[{"href":"https:\/\/tasteporto.com\/es\/wp-json\/wp\/v2\/passport_location\/1072","targetHints":{"allow":["GET"]}}],"collection":[{"href":"https:\/\/tasteporto.com\/es\/wp-json\/wp\/v2\/passport_location"}],"about":[{"href":"https:\/\/tasteporto.com\/es\/wp-json\/wp\/v2\/types\/passport_location"}],"wp:featuredmedia":[{"embeddable":true,"href":"https:\/\/tasteporto.com\/es\/wp-json\/wp\/v2\/media\/11206"}],"wp:attachment":[{"href":"https:\/\/tasteporto.com\/es\/wp-json\/wp\/v2\/media?parent=1072"}],"curies":[{"name":"wp","href":"https:\/\/api.w.org\/{rel}","templated":true}]}}