{"id":1059,"date":"2020-06-15T13:22:40","date_gmt":"2020-06-15T13:22:40","guid":{"rendered":"https:\/\/tasteporto.com\/?post_type=passport_location&#038;p=1059"},"modified":"2025-03-28T23:26:31","modified_gmt":"2025-03-28T23:26:31","slug":"welcome","status":"publish","type":"passport_location","link":"https:\/\/tasteporto.com\/de\/passport_location\/welcome\/","title":{"rendered":"Willkommen in Porto!"},"content":{"rendered":"\n<p>Vielen Dank, dass Sie sich f\u00fcr Taste Porto als Gastgeber entschieden haben, um Ihnen die gastronomischen Geheimnisse der Stat Porto zu zeigen. In den letzten 7 Jahren haben wir Zehntausende von G\u00e4sten empfangen, darunter den unvergessenen Anthony Bourdain und den gro\u03b2artigen Rick Steves; noch heute sp\u00fcren wir jedes mal eine gro\u03b2e Freude und Aufregung wenn wir unsere Stadt einem neuen Besucher vorstellen. <\/p>\n\n\n\n<p>In den n\u00e4chsten Stunden werden wir durch die besten Viertel der Stadt streifen auf der Suche unserer Lieblings-Spots.\nDieser Food-Passport wird Sie orientiert durch die Stadt f\u00fchren und Ihnen unterwegs diverse gastronomische K\u00f6stlichkeiten zur Probe erm\u00f6glichen. \nGleichzeitig werden Sie ein wenig \u00fcber die Kultur, Geschichte und den Lebensstil der Stadt Porto kennenlernen. \n <\/p>\n\n\n\n<p>Viele Leute fragen uns ob diese Tour zu den besten Spots der Stadt f\u00fchrt. Nein, das ist es nicht! Wir glauben auch nicht das dies m\u00f6glich ist, da es vom Geschmack jedes einzelnen abh\u00e4ngt. Deshalb bevorzugen wir zu sagen dass diese Tour zu unseren Lieblingsorten unseres Alltag f\u00fchrt. Es gibt zwei Gr\u00fcnde warum wir immer zu diesen Orten zur\u00fcckkehren um sie im Gro\u03b2en vorzustellen.    <\/p>\n\n\n\n<ul class=\"wp-block-list\">\n<li><strong>Das Essen<\/strong>. Weil wir glauben das Gastronomie eine Form des kulturellen Ausdrucks ist. Anhand der Gastronomie k\u00f6nnen wir die portugiesische Kultur pr\u00e4sentieren. Doch werden wir uns nicht auf die beliebtesten Gerichte fixieren, wie Tripas (Kutteln nach Porto Art), Kabeljau, die famose \u201cFrancesinha\u201d oder den Portwein. Wir m\u00f6chten eher Gerichte vorstellen, welche zu unserem Alltag geh\u00f6ren und au\u03b2er f\u00fcr Einheimische nicht leicht zu finden sind.   <br><\/li>\n\n\n\n<li><strong>And Die Leute<\/strong>. Was unsere kulturellen und gastronomischen Touren so einzigartig macht, sind die Menschen, der lokalen Unternehmen, die wir besuchen.Wir k\u00f6nnen Ihnen garantieren, dass Sie heute wundervolle Menschen treffen werden. <\/li>\n<\/ul>\n\n\n\n<p>Falls es Ihnen gefallen hat,  k\u00f6nnen Sie es gerne mit uns \u2013 und der Welt &#8211; teilen, \u00fcber die Hashtags #TastePorto und #TastePortoMoments <br><\/p>\n\n\n<div class=\"wp-block-image\">\n<figure class=\"aligncenter\"><img decoding=\"async\" src=\"https:\/\/tasteporto.com\/wp-content\/uploads\/2020\/06\/anthony-bourdain-scaled.jpg\" alt=\"Anthony Bourdain Taste Porto\"\/><\/figure>\n<\/div>\n\n\n<p>Hier einige weitere wichtige Details: <\/p>\n\n\n\n<ul class=\"wp-block-list\">\n<li>Dieser Food-Passport besteht aus 5 Verkostungsorten, welche Sie in Ihrem eigenen Tempo besuchen werden, deshalb \u2013 keine Eile!<\/li>\n\n\n\n<li>Da es sich um eine selbstgef\u00fchrte Stadtf\u00fchrung handelt, \u00fcberpr\u00fcfen Sie bitte immer vorher die \u00d6ffnungszeiten der angegebenen Verkostungsorte.<\/li>\n\n\n\n<li>Dieser Food-Passport enth\u00e4lt noch einen Reiseleiter mit Ihrer Wegstrecke, sowie Verweise auf nahe gelegende  Parkpl\u00e4tze, U-Bahn Stationen und Sehensw\u00fcrdigkeiten. Auf diese Weise haben Sie nie das Gef\u00fchl, verloren zu sein und k\u00f6nnen am Ende der Tour problemlos zu Ihrem Startpunkt zur\u00fcckkehren. Dar\u00fcber hinaus teilen wir auch Informationen \u00fcber die Verkostungsorte mit, insbesondere deren Namen, Adresse, Kontaktdaten und \u00d6ffnungszeiten.\n <\/li>\n<\/ul>\n\n\n\n<center><img decoding=\"async\" src=\"https:\/\/tasteporto.com\/wp-content\/uploads\/2025\/03\/Food-Passport-Itinerary.jpg\" alt=\"self-guided food tour Porto itinerary\"><\/center>\n\n\n\n<p>Bevor wir fortfahren, hier noch zwei wichtige Details:\n <\/p>\n\n\n\n<ul class=\"wp-block-list\">\n<li>Bei Taste Porto engagieren wir uns f\u00fcr die lokalen Unternehmen und zahlen daher f\u00fcr alle in diesem Food-Passport enthaltenen Kostproben. Wir tun dies, weil wir uns voll und ganz der F\u00f6rderung unserer Partner, Erzeuger und \u00f6rtlichen Gesch\u00e4ften engagieren und f\u00fcr den Konsum der Kostproben aufkommen. <\/li>\n\n\n\n<li>An zweiter Stelle m\u00f6chten wir uns nochmals bei Ihnen bedanken, weil Sie mit dem Kauf dieser Tour zu einer lokalen NRO beigetragen haben, in diesem Falle zur \u201cCasa\u201d. Sie versorgen die Obdachlosen in der Stadt mit Lebensmitteln und Kleidung. Somit nochmals vielen Dank!  <\/li>\n<\/ul>\n\n\n\n<h3 class=\"wp-block-heading\">Los geht\u2019s!<\/h3>\n\n\n\n<p>Dies ist der erste Verkostungsort: <\/p>\n\n\n\n<ul class=\"wp-block-list\">\n<li><strong>VERKOSTUNGSORT #1: <\/strong> Bolh\u00e3o Wine House<\/li>\n\n\n\n<li><strong>Adresse:<\/strong> Rua Formosa 322<\/li>\n\n\n\n<li><strong>\u00d6ffnungszeiten:<\/strong> Monday to Sunday: 10 AM &#8211; 6 PM<\/li>\n\n\n\n<li><strong>Kontakt:<\/strong> +351 919 981 895<\/li>\n<\/ul>\n\n\n\n<p>Achtung! Es gibt ein gro\u03b2es Risiko sich in diese Stadt zu verlieben! Wir hoffen Sie sind dazu bereit! <br><br>Bis gleich! <br>Ihr Taste Porto &#8211; Team <\/p>\n","protected":false},"featured_media":9573,"template":"","class_list":["post-1059","passport_location","type-passport_location","status-publish","has-post-thumbnail","hentry"],"acf":[],"yoast_head":"<!-- This site is optimized with the Yoast SEO plugin v26.5 - https:\/\/yoast.com\/wordpress\/plugins\/seo\/ -->\n<title>Taste Porto<\/title>\n<meta name=\"description\" content=\"\" \/>\n<meta name=\"robots\" content=\"noindex, nofollow\" \/>\n<meta property=\"og:locale\" content=\"de_DE\" \/>\n<meta property=\"og:locale:alternate\" content=\"en_US\" \/>\n<meta property=\"og:locale:alternate\" content=\"pt_PT\" \/>\n<meta property=\"og:locale:alternate\" content=\"es_ES\" \/>\n<meta property=\"og:locale:alternate\" content=\"fr_FR\" \/>\n<meta property=\"og:locale:alternate\" content=\"zh_CN\" \/>\n<meta property=\"og:locale:alternate\" content=\"ja\" \/>\n<meta property=\"og:locale:alternate\" content=\"ko\" \/>\n<meta property=\"og:type\" content=\"article\" \/>\n<meta property=\"og:title\" content=\"\" \/>\n<meta property=\"og:description\" content=\"\" \/>\n<meta property=\"og:url\" content=\"https:\/\/tasteporto.com\/de\/passport_location\/welcome\/\" \/>\n<meta property=\"og:site_name\" content=\"Taste Porto\" \/>\n<meta property=\"article:modified_time\" content=\"2025-03-28T23:26:31+00:00\" \/>\n<meta property=\"og:image\" content=\"https:\/\/tasteporto.com\/wp-content\/uploads\/2023\/05\/museums-in-Porto-4.jpeg\" \/>\n\t<meta property=\"og:image:width\" content=\"1600\" \/>\n\t<meta property=\"og:image:height\" content=\"1066\" \/>\n\t<meta property=\"og:image:type\" content=\"image\/jpeg\" \/>\n<meta name=\"twitter:card\" content=\"summary_large_image\" \/>\n<meta name=\"twitter:label1\" content=\"Est. reading time\" \/>\n\t<meta name=\"twitter:data1\" content=\"1 minute\" \/>\n<script type=\"application\/ld+json\" class=\"yoast-schema-graph\">{\"@context\":\"https:\/\/schema.org\",\"@graph\":[{\"@type\":\"WebPage\",\"@id\":\"https:\/\/tasteporto.com\/ja\/passport_location\/welcome\/\",\"url\":\"https:\/\/tasteporto.com\/ja\/passport_location\/welcome\/\",\"name\":\"\",\"isPartOf\":{\"@id\":\"https:\/\/tasteporto.com\/ko\/#website\"},\"primaryImageOfPage\":{\"@id\":\"https:\/\/tasteporto.com\/ja\/passport_location\/welcome\/#primaryimage\"},\"image\":{\"@id\":\"https:\/\/tasteporto.com\/ja\/passport_location\/welcome\/#primaryimage\"},\"thumbnailUrl\":\"https:\/\/tasteporto.com\/wp-content\/uploads\/2023\/05\/museums-in-Porto-4.jpeg\",\"datePublished\":\"2020-06-15T13:22:40+00:00\",\"dateModified\":\"2025-03-28T23:26:31+00:00\",\"description\":\"\",\"breadcrumb\":{\"@id\":\"https:\/\/tasteporto.com\/ja\/passport_location\/welcome\/#breadcrumb\"},\"inLanguage\":\"de-DE\",\"potentialAction\":[{\"@type\":\"ReadAction\",\"target\":[\"https:\/\/tasteporto.com\/ja\/passport_location\/welcome\/\"]}]},{\"@type\":\"ImageObject\",\"inLanguage\":\"de-DE\",\"@id\":\"https:\/\/tasteporto.com\/ja\/passport_location\/welcome\/#primaryimage\",\"url\":\"https:\/\/tasteporto.com\/wp-content\/uploads\/2023\/05\/museums-in-Porto-4.jpeg\",\"contentUrl\":\"https:\/\/tasteporto.com\/wp-content\/uploads\/2023\/05\/museums-in-Porto-4.jpeg\",\"width\":1600,\"height\":1066,\"caption\":\"museums in Porto\"},{\"@type\":\"BreadcrumbList\",\"@id\":\"https:\/\/tasteporto.com\/ja\/passport_location\/welcome\/#breadcrumb\",\"itemListElement\":[{\"@type\":\"ListItem\",\"position\":1,\"name\":\"Home\",\"item\":\"https:\/\/tasteporto.com\/\"},{\"@type\":\"ListItem\",\"position\":2,\"name\":\"Passport Locations\",\"item\":\"https:\/\/tasteporto.com\/de\/passport_location\/\"},{\"@type\":\"ListItem\",\"position\":3,\"name\":\"\u30aa\u30dd\u30eb\u30c8\u3078\u3088\u3046\u3053\u305d\"}]},{\"@type\":\"WebSite\",\"@id\":\"https:\/\/tasteporto.com\/ko\/#website\",\"url\":\"https:\/\/tasteporto.com\/ko\/\",\"name\":\"Taste Porto\",\"description\":\"Porto Food Tours\",\"publisher\":{\"@id\":\"https:\/\/tasteporto.com\/ko\/#organization\"},\"potentialAction\":[{\"@type\":\"SearchAction\",\"target\":{\"@type\":\"EntryPoint\",\"urlTemplate\":\"https:\/\/tasteporto.com\/ko\/?s={search_term_string}\"},\"query-input\":{\"@type\":\"PropertyValueSpecification\",\"valueRequired\":true,\"valueName\":\"search_term_string\"}}],\"inLanguage\":\"de-DE\"},{\"@type\":\"Organization\",\"@id\":\"https:\/\/tasteporto.com\/ko\/#organization\",\"name\":\"Taste Porto\",\"url\":\"https:\/\/tasteporto.com\/ko\/\",\"logo\":{\"@type\":\"ImageObject\",\"inLanguage\":\"de-DE\",\"@id\":\"https:\/\/tasteporto.com\/ko\/#\/schema\/logo\/image\/\",\"url\":\"https:\/\/tasteporto.com\/wp-content\/uploads\/2020\/06\/logo_preto_300px-150x150-1.png\",\"contentUrl\":\"https:\/\/tasteporto.com\/wp-content\/uploads\/2020\/06\/logo_preto_300px-150x150-1.png\",\"width\":150,\"height\":150,\"caption\":\"Taste Porto\"},\"image\":{\"@id\":\"https:\/\/tasteporto.com\/ko\/#\/schema\/logo\/image\/\"}}]}<\/script>\n<!-- \/ Yoast SEO plugin. -->","yoast_head_json":{"title":"Taste Porto","description":"[:ja]\u3053\u306e\u30d5\u30fc\u30c9\u30d1\u30b9\u30dd\u30fc\u30c8\u306f\u3042\u306a\u305f\u3092\u3055\u307e\u3056\u307e\u306a\u5834\u6240\u3078\u6848\u5185\u3057\u306a\u304c\u3089\u3001\u30eb\u30fc\u30c8\u4e0a\u306e\u304a\u3044\u3057\u3044\u6599\u7406\u3092\u5473\u3042\u308f\u305b\u3066\u304f\u308c\u308b\u3067\u3057\u3087\u3046\u3002\u540c\u6642\u306b\u3001\u30dd\u30eb\u30c8\u306e\u6587\u5316\u3084\u6b74\u53f2\u3001\u751f\u6d3b\u30b9\u30bf\u30a4\u30eb\u306b\u3064\u3044\u3066\u3082\u5c11\u3057\u52c9\u5f37\u3067\u304d\u308b\u30c1\u30e3\u30f3\u30b9\u3082\u3064\u304f\u3063\u3066\u304f\u308c\u308b\u3067\u3057\u3087\u3046\u3002[:ko]\uc5ec\ub7ec\ubd84\ub4e4\uc740 \uc55e\uc73c\ub85c \uba87 \uc2dc\uac04 \ub3d9\uc548 Food Passport\uc640 \ud568\uaed8 \ub9c8\uc74c\uaecf \uba39\uace0 \ub9c8\uc2dc\ub294 \uc2dd\ub3c4\ub77d \uc5ec\ud589\uc744 \ub5a0\ub098\uac8c \ub429\ub2c8\ub2e4. \uc774\ubc88 \uc77c\uc815\uc744 \ud1b5\ud574 \ud3ec\ub974\ud22c\uc758 \ubb38\ud654\uc640 \uc5ed\uc0ac, \ud604\uc9c0 \uc0dd\ud65c\uc744 \ubab8\uc18c \uccb4\ud5d8\ud558\uc138\uc694.[:]","robots":{"index":"noindex","follow":"nofollow"},"og_locale":"de_DE","og_type":"article","og_title":"[:ja]Food Passport | Taste Porto Food Tours[:ko]Food Passport | Taste Porto Food Tours[:]","og_description":"[:ja]\u3053\u306e\u30d5\u30fc\u30c9\u30d1\u30b9\u30dd\u30fc\u30c8\u306f\u3042\u306a\u305f\u3092\u3055\u307e\u3056\u307e\u306a\u5834\u6240\u3078\u6848\u5185\u3057\u306a\u304c\u3089\u3001\u30eb\u30fc\u30c8\u4e0a\u306e\u304a\u3044\u3057\u3044\u6599\u7406\u3092\u5473\u3042\u308f\u305b\u3066\u304f\u308c\u308b\u3067\u3057\u3087\u3046\u3002\u540c\u6642\u306b\u3001\u30dd\u30eb\u30c8\u306e\u6587\u5316\u3084\u6b74\u53f2\u3001\u751f\u6d3b\u30b9\u30bf\u30a4\u30eb\u306b\u3064\u3044\u3066\u3082\u5c11\u3057\u52c9\u5f37\u3067\u304d\u308b\u30c1\u30e3\u30f3\u30b9\u3082\u3064\u304f\u3063\u3066\u304f\u308c\u308b\u3067\u3057\u3087\u3046\u3002[:ko]\uc5ec\ub7ec\ubd84\ub4e4\uc740 \uc55e\uc73c\ub85c \uba87 \uc2dc\uac04 \ub3d9\uc548 Food Passport\uc640 \ud568\uaed8 \ub9c8\uc74c\uaecf \uba39\uace0 \ub9c8\uc2dc\ub294 \uc2dd\ub3c4\ub77d \uc5ec\ud589\uc744 \ub5a0\ub098\uac8c \ub429\ub2c8\ub2e4. \uc774\ubc88 \uc77c\uc815\uc744 \ud1b5\ud574 \ud3ec\ub974\ud22c\uc758 \ubb38\ud654\uc640 \uc5ed\uc0ac, \ud604\uc9c0 \uc0dd\ud65c\uc744 \ubab8\uc18c \uccb4\ud5d8\ud558\uc138\uc694.[:]","og_url":"https:\/\/tasteporto.com\/de\/passport_location\/welcome\/","og_site_name":"Taste Porto","article_modified_time":"2025-03-28T23:26:31+00:00","og_image":[{"width":1600,"height":1066,"url":"https:\/\/tasteporto.com\/wp-content\/uploads\/2023\/05\/museums-in-Porto-4.jpeg","type":"image\/jpeg"}],"twitter_card":"summary_large_image","twitter_misc":{"Est. reading time":"1 minute"},"schema":{"@context":"https:\/\/schema.org","@graph":[{"@type":"WebPage","@id":"https:\/\/tasteporto.com\/ja\/passport_location\/welcome\/","url":"https:\/\/tasteporto.com\/ja\/passport_location\/welcome\/","name":"","isPartOf":{"@id":"https:\/\/tasteporto.com\/ko\/#website"},"primaryImageOfPage":{"@id":"https:\/\/tasteporto.com\/ja\/passport_location\/welcome\/#primaryimage"},"image":{"@id":"https:\/\/tasteporto.com\/ja\/passport_location\/welcome\/#primaryimage"},"thumbnailUrl":"https:\/\/tasteporto.com\/wp-content\/uploads\/2023\/05\/museums-in-Porto-4.jpeg","datePublished":"2020-06-15T13:22:40+00:00","dateModified":"2025-03-28T23:26:31+00:00","description":"","breadcrumb":{"@id":"https:\/\/tasteporto.com\/ja\/passport_location\/welcome\/#breadcrumb"},"inLanguage":"de-DE","potentialAction":[{"@type":"ReadAction","target":["https:\/\/tasteporto.com\/ja\/passport_location\/welcome\/"]}]},{"@type":"ImageObject","inLanguage":"de-DE","@id":"https:\/\/tasteporto.com\/ja\/passport_location\/welcome\/#primaryimage","url":"https:\/\/tasteporto.com\/wp-content\/uploads\/2023\/05\/museums-in-Porto-4.jpeg","contentUrl":"https:\/\/tasteporto.com\/wp-content\/uploads\/2023\/05\/museums-in-Porto-4.jpeg","width":1600,"height":1066,"caption":"museums in Porto"},{"@type":"BreadcrumbList","@id":"https:\/\/tasteporto.com\/ja\/passport_location\/welcome\/#breadcrumb","itemListElement":[{"@type":"ListItem","position":1,"name":"Home","item":"https:\/\/tasteporto.com\/"},{"@type":"ListItem","position":2,"name":"Passport Locations","item":"https:\/\/tasteporto.com\/de\/passport_location\/"},{"@type":"ListItem","position":3,"name":"\u30aa\u30dd\u30eb\u30c8\u3078\u3088\u3046\u3053\u305d"}]},{"@type":"WebSite","@id":"https:\/\/tasteporto.com\/ko\/#website","url":"https:\/\/tasteporto.com\/ko\/","name":"Taste Porto","description":"Porto Food Tours","publisher":{"@id":"https:\/\/tasteporto.com\/ko\/#organization"},"potentialAction":[{"@type":"SearchAction","target":{"@type":"EntryPoint","urlTemplate":"https:\/\/tasteporto.com\/ko\/?s={search_term_string}"},"query-input":{"@type":"PropertyValueSpecification","valueRequired":true,"valueName":"search_term_string"}}],"inLanguage":"de-DE"},{"@type":"Organization","@id":"https:\/\/tasteporto.com\/ko\/#organization","name":"Taste Porto","url":"https:\/\/tasteporto.com\/ko\/","logo":{"@type":"ImageObject","inLanguage":"de-DE","@id":"https:\/\/tasteporto.com\/ko\/#\/schema\/logo\/image\/","url":"https:\/\/tasteporto.com\/wp-content\/uploads\/2020\/06\/logo_preto_300px-150x150-1.png","contentUrl":"https:\/\/tasteporto.com\/wp-content\/uploads\/2020\/06\/logo_preto_300px-150x150-1.png","width":150,"height":150,"caption":"Taste Porto"},"image":{"@id":"https:\/\/tasteporto.com\/ko\/#\/schema\/logo\/image\/"}}]}},"_links":{"self":[{"href":"https:\/\/tasteporto.com\/de\/wp-json\/wp\/v2\/passport_location\/1059","targetHints":{"allow":["GET"]}}],"collection":[{"href":"https:\/\/tasteporto.com\/de\/wp-json\/wp\/v2\/passport_location"}],"about":[{"href":"https:\/\/tasteporto.com\/de\/wp-json\/wp\/v2\/types\/passport_location"}],"wp:featuredmedia":[{"embeddable":true,"href":"https:\/\/tasteporto.com\/de\/wp-json\/wp\/v2\/media\/9573"}],"wp:attachment":[{"href":"https:\/\/tasteporto.com\/de\/wp-json\/wp\/v2\/media?parent=1059"}],"curies":[{"name":"wp","href":"https:\/\/api.w.org\/{rel}","templated":true}]}}